{"id":447,"date":"2015-12-08T10:15:48","date_gmt":"2015-12-08T09:15:48","guid":{"rendered":"https:\/\/www.lungcancergroup.de\/en\/projekte\/"},"modified":"2016-03-09T10:28:21","modified_gmt":"2016-03-09T09:28:21","slug":"projects","status":"publish","type":"page","link":"https:\/\/www.lungcancergroup.de\/en\/projects\/","title":{"rendered":"Projects"},"content":{"rendered":"<p>[et_pb_section admin_label=&#8221;section&#8221;][et_pb_row admin_label=&#8221;row&#8221;][et_pb_column type=&#8221;4_4&#8243;][et_pb_text admin_label=&#8221;Projekte&#8221; background_layout=&#8221;light&#8221; text_orientation=&#8221;left&#8221; text_font_size=&#8221;14&#8243; use_border_color=&#8221;off&#8221; border_color=&#8221;#ffffff&#8221; border_style=&#8221;solid&#8221;]<\/p>\n<h1>Projects<\/h1>\n<p>[\/et_pb_text][\/et_pb_column][\/et_pb_row][et_pb_row admin_label=&#8221;Zeile&#8221; make_fullwidth=&#8221;off&#8221; use_custom_width=&#8221;off&#8221; width_unit=&#8221;on&#8221; use_custom_gutter=&#8221;off&#8221; gutter_width=&#8221;3&#8243; padding_mobile=&#8221;off&#8221; allow_player_pause=&#8221;off&#8221; parallax=&#8221;off&#8221; parallax_method=&#8221;off&#8221; make_equal=&#8221;off&#8221; parallax_1=&#8221;off&#8221; parallax_method_1=&#8221;off&#8221; padding_top_1=&#8221;23px&#8221; padding_right_1=&#8221;23px&#8221; padding_bottom_1=&#8221;23px&#8221; padding_left_1=&#8221;23px&#8221; parallax_2=&#8221;off&#8221; parallax_method_2=&#8221;off&#8221; padding_top_2=&#8221;23px&#8221; padding_right_2=&#8221;23px&#8221; padding_bottom_2=&#8221;23px&#8221; padding_left_2=&#8221;23px&#8221; parallax_3=&#8221;off&#8221; parallax_method_3=&#8221;off&#8221; padding_top_3=&#8221;23px&#8221; padding_right_3=&#8221;23px&#8221; padding_bottom_3=&#8221;23px&#8221; padding_left_3=&#8221;23px&#8221; column_padding_mobile=&#8221;on&#8221; module_class=&#8221;projektkacheln&#8221;][et_pb_column type=&#8221;1_3&#8243;][et_pb_image admin_label=&#8221;BMBF&#8221; src=&#8221;https:\/\/www.lungcancergroup.de\/wp-content\/uploads\/2015\/12\/BMBF.png&#8221; show_in_lightbox=&#8221;off&#8221; url=&#8221;http:\/\/www.ngfn.de\/en\/krebsgene.html&#8221; url_new_window=&#8221;on&#8221; animation=&#8221;fade_in&#8221; sticky=&#8221;off&#8221; align=&#8221;center&#8221; force_fullwidth=&#8221;off&#8221; always_center_on_mobile=&#8221;on&#8221; use_border_color=&#8221;off&#8221; border_color=&#8221;#ffffff&#8221; border_style=&#8221;solid&#8221; custom_css_main_element=&#8221;height:120px;&#8221;]<br \/>\n[\/et_pb_image][et_pb_text admin_label=&#8221;Text&#8221; background_layout=&#8221;light&#8221; text_orientation=&#8221;center&#8221; text_font_size=&#8221;14&#8243; use_border_color=&#8221;off&#8221; border_color=&#8221;#ffffff&#8221; border_style=&#8221;solid&#8221;]<\/p>\n<h3>BMBF<\/h3>\n<p>[\/et_pb_text][et_pb_toggle admin_label=&#8221;Umschalter&#8221; title=&#8221;Short description&#8221; open=&#8221;off&#8221; title_font_size=&#8221;16&#8243; body_font_size=&#8221;13&#8243; body_line_height=&#8221;1.5em&#8221; use_border_color=&#8221;off&#8221; border_color=&#8221;#ffffff&#8221; border_style=&#8221;solid&#8221;]<\/p>\n<p><strong>Funding by the Federal Ministry of Education and Research<\/strong> (BMBF) within the framework of the \u201cIntegrated Genome Research Network\u201d NGFNplus Program.<\/p>\n<h5>Collaborative Project<\/h5>\n<p>Deciphering oncogene dependencies in human cancer oncogene mutation space (Coordinator: Roman Thomas).<\/p>\n<h5>Subproject 3<\/h5>\n<p>Mutational analysis and its clinical implications in patients with lung cancer (J\u00fcrgen Wolf).<\/p>\n<h5>Subproject 4<\/h5>\n<p>Systematic High-Throughput-Analysis of mutations in the development of tumors (Roman Thomas).<\/p>\n<p><a href=\"http:\/\/www.ngfn.de\/en\/krebsgene.html\" target=\"_blank\">\u2026 visit Website!<\/a><\/p>\n<p>[\/et_pb_toggle][\/et_pb_column][et_pb_column type=&#8221;1_3&#8243;][et_pb_image admin_label=&#8221;EU-Verbundprogramm&#8221; src=&#8221;https:\/\/www.lungcancergroup.de\/wp-content\/uploads\/2015\/12\/seventh.jpg&#8221; show_in_lightbox=&#8221;off&#8221; url=&#8221;http:\/\/www.curelung.eu\/index.html&#8221; url_new_window=&#8221;on&#8221; animation=&#8221;fade_in&#8221; sticky=&#8221;off&#8221; align=&#8221;center&#8221; force_fullwidth=&#8221;off&#8221; always_center_on_mobile=&#8221;on&#8221; use_border_color=&#8221;off&#8221; border_color=&#8221;#ffffff&#8221; border_style=&#8221;solid&#8221; custom_css_main_element=&#8221;height:120px;&#8221;]<br \/>\n[\/et_pb_image][et_pb_text admin_label=&#8221;Text&#8221; background_layout=&#8221;light&#8221; text_orientation=&#8221;center&#8221; text_font_size=&#8221;14&#8243; use_border_color=&#8221;off&#8221; border_color=&#8221;#ffffff&#8221; border_style=&#8221;solid&#8221;]<\/p>\n<h3>EU 7th Framework Program<\/h3>\n<p>[\/et_pb_text][et_pb_toggle admin_label=&#8221;Umschalter&#8221; title=&#8221;Short description&#8221; open=&#8221;off&#8221; title_font_size=&#8221;16&#8243; body_font_size=&#8221;13&#8243; body_line_height=&#8221;1.5em&#8221; use_border_color=&#8221;off&#8221; border_color=&#8221;#ffffff&#8221; border_style=&#8221;solid&#8221;]<\/p>\n<p>Funding from the European Community (7th Framework) within the framework of the \u201cCurelung Lung Cancer Research\u201d project<\/p>\n<h5>Project title<\/h5>\n<p>\u201cDetermining (epi)genetic therapeutic signatures for improving lung cancer prognosis\u201d<\/p>\n<p><a href=\"http:\/\/www.curelung.eu\/index.html\" target=\"_blank\">\u2026 visit Website!<\/a><\/p>\n<p>[\/et_pb_toggle][\/et_pb_column][et_pb_column type=&#8221;1_3&#8243;][et_pb_image admin_label=&#8221;NRW PerMed Programm&#8221; src=&#8221;https:\/\/www.lungcancergroup.de\/wp-content\/uploads\/2015\/12\/nrw.jpg&#8221; show_in_lightbox=&#8221;off&#8221; url_new_window=&#8221;on&#8221; animation=&#8221;fade_in&#8221; sticky=&#8221;off&#8221; align=&#8221;center&#8221; force_fullwidth=&#8221;off&#8221; always_center_on_mobile=&#8221;on&#8221; use_border_color=&#8221;off&#8221; border_color=&#8221;#ffffff&#8221; border_style=&#8221;solid&#8221; custom_css_main_element=&#8221;height:120px;&#8221;]<br \/>\n[\/et_pb_image][et_pb_text admin_label=&#8221;Text&#8221; background_layout=&#8221;light&#8221; text_orientation=&#8221;center&#8221; text_font_size=&#8221;14&#8243; use_border_color=&#8221;off&#8221; border_color=&#8221;#ffffff&#8221; border_style=&#8221;solid&#8221;]<\/p>\n<h3>NRW PerMed Program<\/h3>\n<p>[\/et_pb_text][et_pb_toggle admin_label=&#8221;Umschalter&#8221; title=&#8221;Short description&#8221; open=&#8221;off&#8221; title_font_size=&#8221;16&#8243; body_font_size=&#8221;13&#8243; body_line_height=&#8221;1.5em&#8221; use_border_color=&#8221;off&#8221; border_color=&#8221;#ffffff&#8221; border_style=&#8221;solid&#8221;]<\/p>\n<p><strong>Ministerium f\u00fcr Innovation, Wissenschaft und Forschung des Landes Nordrhein-Westfalen<br \/>\n<\/strong>F\u00f6rderung durch das NRW-EU Ziel 2-Programm im Rahmen des \u201cEurop\u00e4ischen Fonds f\u00fcr regionale Entwicklung\u201d (EFRE).<\/p>\n<h5>Verbundprojekt<\/h5>\n<p>Entwicklung von ZweitgenerationsTyrosinkinasehemmern und Diagnostik f\u00fcr die personalisierte Therapie von Patienten mit EGFR- und FGFR-abh\u00e4ngigen Tumoren (Koordinator Roman Thomas)<\/p>\n<h5>Partner<\/h5>\n<p>Universit\u00e4t K\u00f6ln (Roman Thomas, Reinhard B\u00fcttner, J\u00fcrgen Wolf), Lead Discovery Center GmbH Dortmund, Technische Universit\u00e4t Dortmund<\/p>\n<p>[\/et_pb_toggle][\/et_pb_column][\/et_pb_row][et_pb_row admin_label=&#8221;Zeile&#8221; make_fullwidth=&#8221;off&#8221; use_custom_width=&#8221;off&#8221; width_unit=&#8221;on&#8221; use_custom_gutter=&#8221;off&#8221; gutter_width=&#8221;3&#8243; padding_mobile=&#8221;off&#8221; allow_player_pause=&#8221;off&#8221; parallax=&#8221;off&#8221; parallax_method=&#8221;off&#8221; make_equal=&#8221;off&#8221; parallax_1=&#8221;off&#8221; parallax_method_1=&#8221;off&#8221; padding_top_1=&#8221;23px&#8221; padding_right_1=&#8221;23px&#8221; padding_bottom_1=&#8221;23px&#8221; padding_left_1=&#8221;23px&#8221; parallax_2=&#8221;off&#8221; parallax_method_2=&#8221;off&#8221; padding_top_2=&#8221;23px&#8221; padding_right_2=&#8221;23px&#8221; padding_bottom_2=&#8221;23px&#8221; padding_left_2=&#8221;23px&#8221; parallax_3=&#8221;off&#8221; parallax_method_3=&#8221;off&#8221; padding_top_3=&#8221;23px&#8221; padding_right_3=&#8221;23px&#8221; padding_bottom_3=&#8221;23px&#8221; padding_left_3=&#8221;23px&#8221; column_padding_mobile=&#8221;on&#8221; module_class=&#8221;projektkacheln&#8221;][et_pb_column type=&#8221;1_3&#8243;][et_pb_image admin_label=&#8221;Bayer Healthcare&#8221; src=&#8221;https:\/\/www.lungcancergroup.de\/wp-content\/uploads\/2015\/12\/bayer1.jpg&#8221; show_in_lightbox=&#8221;off&#8221; url=&#8221;\/studie\/select-1\/&#8221; url_new_window=&#8221;on&#8221; animation=&#8221;fade_in&#8221; sticky=&#8221;off&#8221; align=&#8221;center&#8221; force_fullwidth=&#8221;off&#8221; always_center_on_mobile=&#8221;on&#8221; use_border_color=&#8221;off&#8221; border_color=&#8221;#ffffff&#8221; border_style=&#8221;solid&#8221; custom_css_main_element=&#8221;height:120px;&#8221;]<br \/>\n[\/et_pb_image][et_pb_text admin_label=&#8221;Text&#8221; background_layout=&#8221;light&#8221; text_orientation=&#8221;center&#8221; text_font_size=&#8221;14&#8243; use_border_color=&#8221;off&#8221; border_color=&#8221;#ffffff&#8221; border_style=&#8221;solid&#8221;]<\/p>\n<h3>Bayer Healthcare<\/h3>\n<p>[\/et_pb_text][et_pb_toggle admin_label=&#8221;Umschalter&#8221; title=&#8221;Short description&#8221; open=&#8221;off&#8221; title_font_size=&#8221;16&#8243; body_font_size=&#8221;13&#8243; body_line_height=&#8221;1.5em&#8221; use_border_color=&#8221;off&#8221; border_color=&#8221;#ffffff&#8221; border_style=&#8221;solid&#8221;]<\/p>\n<p>Cooperation agreement to carry out an investigator-initiated phase I study (sponsored by LCGC ) to determine the \u201cRecommended Phase 2 Dose\u201d RP2D of sorafenib and everolimus with subsequent examination of the efficacy of the combination in KRAS mutant NSCLC patients (SORAVE-Study).<\/p>\n<p><a href=\"https:\/\/www.lungcancergroup.de\/studie\/select-1\/\">\u2026 visit SORAVE-study!<\/a><\/p>\n<p>[\/et_pb_toggle][\/et_pb_column][et_pb_column type=&#8221;1_3&#8243;][et_pb_image admin_label=&#8221;Boehringer Ingelheim&#8221; src=&#8221;https:\/\/www.lungcancergroup.de\/wp-content\/uploads\/2015\/12\/boehringer.jpg&#8221; show_in_lightbox=&#8221;off&#8221; url_new_window=&#8221;on&#8221; animation=&#8221;fade_in&#8221; sticky=&#8221;off&#8221; align=&#8221;center&#8221; force_fullwidth=&#8221;off&#8221; always_center_on_mobile=&#8221;on&#8221; use_border_color=&#8221;off&#8221; border_color=&#8221;#ffffff&#8221; border_style=&#8221;solid&#8221; custom_css_main_element=&#8221;height:120px;&#8221;]<br \/>\n[\/et_pb_image][et_pb_text admin_label=&#8221;Text&#8221; background_layout=&#8221;light&#8221; text_orientation=&#8221;center&#8221; text_font_size=&#8221;14&#8243; use_border_color=&#8221;off&#8221; border_color=&#8221;#ffffff&#8221; border_style=&#8221;solid&#8221;]<\/p>\n<h3>Boehringer Ingelheim<\/h3>\n<p>[\/et_pb_text][et_pb_toggle admin_label=&#8221;Umschalter&#8221; title=&#8221;Short description&#8221; open=&#8221;off&#8221; title_font_size=&#8221;16&#8243; body_font_size=&#8221;13&#8243; body_line_height=&#8221;1.5em&#8221; use_border_color=&#8221;off&#8221; border_color=&#8221;#ffffff&#8221; border_style=&#8221;solid&#8221;]<\/p>\n<p>Cooperation agreement to carry out an investigator-initiated phase I study (sponsored by LCGC) to determine the \u201cRecommended Phase 2 Dose\u201d RP2D of BIBF 1120 and everolimus in patients with solid tumors.<\/p>\n<p>[\/et_pb_toggle][\/et_pb_column][et_pb_column type=&#8221;1_3&#8243;][et_pb_image admin_label=&#8221;Novartis&#8221; src=&#8221;https:\/\/www.lungcancergroup.de\/wp-content\/uploads\/2015\/12\/novertis.jpg&#8221; show_in_lightbox=&#8221;off&#8221; url_new_window=&#8221;on&#8221; animation=&#8221;fade_in&#8221; sticky=&#8221;off&#8221; align=&#8221;center&#8221; force_fullwidth=&#8221;off&#8221; always_center_on_mobile=&#8221;on&#8221; use_border_color=&#8221;off&#8221; border_color=&#8221;#ffffff&#8221; border_style=&#8221;solid&#8221; custom_css_main_element=&#8221;height:120px;&#8221;]<br \/>\n[\/et_pb_image][et_pb_text admin_label=&#8221;Text&#8221; background_layout=&#8221;light&#8221; text_orientation=&#8221;center&#8221; text_font_size=&#8221;14&#8243; use_border_color=&#8221;off&#8221; border_color=&#8221;#ffffff&#8221; border_style=&#8221;solid&#8221;]<\/p>\n<h3>Novartis<\/h3>\n<p>[\/et_pb_text][et_pb_toggle admin_label=&#8221;Umschalter&#8221; title=&#8221;Short description&#8221; open=&#8221;off&#8221; title_font_size=&#8221;16&#8243; body_font_size=&#8221;13&#8243; body_line_height=&#8221;1.5em&#8221; use_border_color=&#8221;off&#8221; border_color=&#8221;#ffffff&#8221; border_style=&#8221;solid&#8221;]<\/p>\n<p>Collaboration to establish an investigator-initiated phase II study (sponsored by LCGC) to evaluate the efficacy and safety of the combination of trastuzumab and AUY922 in the treatment of advanced non-small cell lung cancer with HER2 overexpression or amplification or mutation (TRY-Study).<\/p>\n<p>[\/et_pb_toggle][\/et_pb_column][\/et_pb_row][et_pb_row admin_label=&#8221;Zeile&#8221; make_fullwidth=&#8221;off&#8221; use_custom_width=&#8221;off&#8221; width_unit=&#8221;on&#8221; use_custom_gutter=&#8221;off&#8221; gutter_width=&#8221;3&#8243; padding_mobile=&#8221;off&#8221; allow_player_pause=&#8221;off&#8221; parallax=&#8221;off&#8221; parallax_method=&#8221;off&#8221; make_equal=&#8221;off&#8221; parallax_1=&#8221;off&#8221; parallax_method_1=&#8221;off&#8221; padding_top_1=&#8221;23px&#8221; padding_right_1=&#8221;23px&#8221; padding_bottom_1=&#8221;23px&#8221; padding_left_1=&#8221;23px&#8221; parallax_2=&#8221;off&#8221; parallax_method_2=&#8221;off&#8221; padding_top_2=&#8221;23px&#8221; padding_right_2=&#8221;23px&#8221; padding_bottom_2=&#8221;23px&#8221; padding_left_2=&#8221;23px&#8221; parallax_3=&#8221;off&#8221; parallax_method_3=&#8221;off&#8221; padding_top_3=&#8221;23px&#8221; padding_right_3=&#8221;23px&#8221; padding_bottom_3=&#8221;23px&#8221; padding_left_3=&#8221;23px&#8221; column_padding_mobile=&#8221;on&#8221; module_class=&#8221;projektkacheln&#8221;][et_pb_column type=&#8221;1_3&#8243;][et_pb_image admin_label=&#8221;Pfizer&#8221; src=&#8221;https:\/\/www.lungcancergroup.de\/wp-content\/uploads\/2015\/12\/pfitzer.png&#8221; show_in_lightbox=&#8221;off&#8221; url=&#8221;http:\/\/gecp.org\/&#8221; url_new_window=&#8221;on&#8221; animation=&#8221;fade_in&#8221; sticky=&#8221;off&#8221; align=&#8221;center&#8221; force_fullwidth=&#8221;off&#8221; always_center_on_mobile=&#8221;on&#8221; use_border_color=&#8221;off&#8221; border_color=&#8221;#ffffff&#8221; border_style=&#8221;solid&#8221; custom_css_main_element=&#8221;height:120px;&#8221;]<br \/>\n[\/et_pb_image][et_pb_text admin_label=&#8221;Text&#8221; background_layout=&#8221;light&#8221; text_orientation=&#8221;center&#8221; text_font_size=&#8221;14&#8243; use_border_color=&#8221;off&#8221; border_color=&#8221;#ffffff&#8221; border_style=&#8221;solid&#8221;]<\/p>\n<h3>Pfizer<\/h3>\n<p>[\/et_pb_text][et_pb_toggle admin_label=&#8221;Umschalter&#8221; title=&#8221;Short description&#8221; open=&#8221;off&#8221; title_font_size=&#8221;16&#8243; body_font_size=&#8221;13&#8243; body_line_height=&#8221;1.5em&#8221; use_border_color=&#8221;off&#8221; border_color=&#8221;#ffffff&#8221; border_style=&#8221;solid&#8221;]<\/p>\n<p>Cooperation Agreement to carry out an investigator-initiated, multicenter phase II study (sponsored by LCGC) to determine the efficacy of the ALK\/ROS1 inhibitor crizotinib in NSCLC patients harbouring a ROS1 translocation in their tumor after firstline therapy (EUCROSS ) in collaboration with the Spanish Lung Cancer Group.<\/p>\n<p><a href=\"http:\/\/gecp.org\/\" target=\"_blank\">\u2026 visit Website!<\/a><\/p>\n<p>[\/et_pb_toggle][\/et_pb_column][et_pb_column type=&#8221;1_3&#8243;][et_pb_image admin_label=&#8221;Roche&#8221; src=&#8221;https:\/\/www.lungcancergroup.de\/wp-content\/uploads\/2015\/12\/roche.jpg&#8221; show_in_lightbox=&#8221;off&#8221; url_new_window=&#8221;on&#8221; animation=&#8221;fade_in&#8221; sticky=&#8221;off&#8221; align=&#8221;center&#8221; force_fullwidth=&#8221;off&#8221; always_center_on_mobile=&#8221;on&#8221; use_border_color=&#8221;off&#8221; border_color=&#8221;#ffffff&#8221; border_style=&#8221;solid&#8221; custom_css_main_element=&#8221;height:120px;&#8221;]<br \/>\n[\/et_pb_image][et_pb_text admin_label=&#8221;Text&#8221; background_layout=&#8221;light&#8221; text_orientation=&#8221;center&#8221; text_font_size=&#8221;14&#8243; use_border_color=&#8221;off&#8221; border_color=&#8221;#ffffff&#8221; border_style=&#8221;solid&#8221;]<\/p>\n<h3>Roche<\/h3>\n<p>[\/et_pb_text][et_pb_toggle admin_label=&#8221;Umschalter&#8221; title=&#8221;Short description&#8221; open=&#8221;off&#8221; title_font_size=&#8221;16&#8243; body_font_size=&#8221;13&#8243; body_line_height=&#8221;1.5em&#8221; use_border_color=&#8221;off&#8221; border_color=&#8221;#ffffff&#8221; border_style=&#8221;solid&#8221;]<\/p>\n<p>Cooperation agreement to carry out an investigator-initiated phase II study (sponsored by LCGC) for the evaluation of the early prediction of non-progression of non-small cell lung cancer during treatment with erlotinib and bevacizumab with fluorodeoxyglucose \u2013 F18 , F18- fluorothymidine and DCE \u2013 MRI.<\/p>\n<p>Cooperation to carry out an investigator-initiated phase II study (sponsored by LCGC) to evaluate the efficacy and safety of the combination of trastuzumab and AUY922 in the treatment of advanced non-small cell lung cancer with HER2 overexpression or amplification or mutation.<\/p>\n<p>[\/et_pb_toggle][\/et_pb_column][et_pb_column type=&#8221;1_3&#8243;][et_pb_image admin_label=&#8221;Bild&#8221; src=&#8221;https:\/\/www.lungcancergroup.de\/wp-content\/uploads\/2015\/12\/sfb832_logo_en.gif&#8221; show_in_lightbox=&#8221;off&#8221; url=&#8221;http:\/\/www.sfb832.de\/&#8221; url_new_window=&#8221;on&#8221; animation=&#8221;fade_in&#8221; sticky=&#8221;off&#8221; align=&#8221;center&#8221; force_fullwidth=&#8221;off&#8221; always_center_on_mobile=&#8221;on&#8221; use_border_color=&#8221;off&#8221; border_color=&#8221;#ffffff&#8221; border_style=&#8221;solid&#8221; custom_css_main_element=&#8221;height:120px;&#8221;]<br \/>\n[\/et_pb_image][et_pb_text admin_label=&#8221;Text&#8221; background_layout=&#8221;light&#8221; text_orientation=&#8221;center&#8221; text_font_size=&#8221;14&#8243; use_border_color=&#8221;off&#8221; border_color=&#8221;#ffffff&#8221; border_style=&#8221;solid&#8221;]<\/p>\n<h3>SFB 832<\/h3>\n<p>[\/et_pb_text][et_pb_toggle admin_label=&#8221;Umschalter&#8221; title=&#8221;Short description&#8221; open=&#8221;off&#8221; title_font_size=&#8221;16&#8243; body_font_size=&#8221;13&#8243; body_line_height=&#8221;1.5em&#8221; use_border_color=&#8221;off&#8221; border_color=&#8221;#ffffff&#8221; border_style=&#8221;solid&#8221;]<\/p>\n<p>The Special Research Center (SFB) 832 \u201cMolecular basis and modulation of cellular interactions in the tumor microenvironment \u201d is an interdisciplinary research network in the Cologne \u2013 Bonn area, funded by the German Research Foundation (DFG).<br \/>\nThe project A 6 is realized in collaboration with the LCGC.<\/p>\n<h5>Project title<\/h5>\n<p>Combined use of chemical-genetic and imaging techniques to validate anti-angiogenic properties of anti-angiogenic compounds.<\/p>\n<h5>Persons in charge<\/h5>\n<p>Roman Thomas, Roland Ulrich und J\u00fcrgen Wolf<\/p>\n<p><a href=\"http:\/\/www.sfb832.de\/\" target=\"_blank\">\u2026 visit Website!<\/a><\/p>\n<p>[\/et_pb_toggle][\/et_pb_column][\/et_pb_row][et_pb_row admin_label=&#8221;Zeile&#8221;][et_pb_column type=&#8221;4_4&#8243;][et_pb_text admin_label=&#8221;Last Update&#8221; saved_tabs=&#8221;all&#8221; background_layout=&#8221;light&#8221; text_orientation=&#8221;left&#8221; use_border_color=&#8221;off&#8221; border_color=&#8221;#ffffff&#8221; border_style=&#8221;solid&#8221; module_class=&#8221;content-update&#8221;]<\/p>\n<p style=\"text-align: right;\"><em>Last Update: <span class=\"last-modified-timestamp\">March 09 2016 , 10:28<\/span><\/em><\/p>\n<p>[\/et_pb_text][\/et_pb_column][\/et_pb_row][\/et_pb_section]<\/p>\n","protected":false},"excerpt":{"rendered":"<p>Projects BMBF Funding by the Federal Ministry of Education and Research (BMBF) within the framework of the \u201cIntegrated Genome Research Network\u201d NGFNplus Program. Collaborative Project Deciphering oncogene dependencies in human cancer oncogene mutation space (Coordinator: Roman Thomas). Subproject 3 Mutational analysis and its clinical implications in patients with lung cancer (J\u00fcrgen Wolf). Subproject 4 Systematic [&hellip;]<\/p>\n","protected":false},"author":19,"featured_media":0,"parent":0,"menu_order":0,"comment_status":"closed","ping_status":"closed","template":"","meta":{"_et_pb_use_builder":"on","_et_pb_old_content":"","_et_gb_content_width":"","footnotes":""},"class_list":["post-447","page","type-page","status-publish","hentry"],"yoast_head":"<!-- This site is optimized with the Yoast SEO plugin v24.7 - https:\/\/yoast.com\/wordpress\/plugins\/seo\/ -->\n<title>Projects - Lung Cancer Group Cologne<\/title>\n<meta name=\"robots\" content=\"index, follow, max-snippet:-1, max-image-preview:large, max-video-preview:-1\" \/>\n<link rel=\"canonical\" href=\"https:\/\/www.lungcancergroup.de\/en\/projects\/\" \/>\n<meta property=\"og:locale\" content=\"en_US\" \/>\n<meta property=\"og:type\" content=\"article\" \/>\n<meta property=\"og:title\" content=\"Projects - Lung Cancer Group Cologne\" \/>\n<meta property=\"og:description\" content=\"Projects BMBF Funding by the Federal Ministry of Education and Research (BMBF) within the framework of the \u201cIntegrated Genome Research Network\u201d NGFNplus Program. Collaborative Project Deciphering oncogene dependencies in human cancer oncogene mutation space (Coordinator: Roman Thomas). Subproject 3 Mutational analysis and its clinical implications in patients with lung cancer (J\u00fcrgen Wolf). Subproject 4 Systematic [&hellip;]\" \/>\n<meta property=\"og:url\" content=\"https:\/\/www.lungcancergroup.de\/en\/projects\/\" \/>\n<meta property=\"og:site_name\" content=\"Lung Cancer Group Cologne\" \/>\n<meta property=\"article:modified_time\" content=\"2016-03-09T09:28:21+00:00\" \/>\n<meta name=\"twitter:card\" content=\"summary_large_image\" \/>\n<meta name=\"twitter:label1\" content=\"Est. reading time\" \/>\n\t<meta name=\"twitter:data1\" content=\"10 minutes\" \/>\n<script type=\"application\/ld+json\" class=\"yoast-schema-graph\">{\"@context\":\"https:\/\/schema.org\",\"@graph\":[{\"@type\":\"WebPage\",\"@id\":\"https:\/\/www.lungcancergroup.de\/en\/projects\/\",\"url\":\"https:\/\/www.lungcancergroup.de\/en\/projects\/\",\"name\":\"Projects - Lung Cancer Group Cologne\",\"isPartOf\":{\"@id\":\"https:\/\/www.lungcancergroup.de\/en\/#website\"},\"datePublished\":\"2015-12-08T09:15:48+00:00\",\"dateModified\":\"2016-03-09T09:28:21+00:00\",\"breadcrumb\":{\"@id\":\"https:\/\/www.lungcancergroup.de\/en\/projects\/#breadcrumb\"},\"inLanguage\":\"en-US\",\"potentialAction\":[{\"@type\":\"ReadAction\",\"target\":[\"https:\/\/www.lungcancergroup.de\/en\/projects\/\"]}]},{\"@type\":\"BreadcrumbList\",\"@id\":\"https:\/\/www.lungcancergroup.de\/en\/projects\/#breadcrumb\",\"itemListElement\":[{\"@type\":\"ListItem\",\"position\":1,\"name\":\"Startseite\",\"item\":\"https:\/\/www.lungcancergroup.de\/en\/\"},{\"@type\":\"ListItem\",\"position\":2,\"name\":\"Projects\"}]},{\"@type\":\"WebSite\",\"@id\":\"https:\/\/www.lungcancergroup.de\/en\/#website\",\"url\":\"https:\/\/www.lungcancergroup.de\/en\/\",\"name\":\"Lung Cancer Group Cologne\",\"description\":\"Lungenkrebs Studiengruppe K\u00f6ln\",\"potentialAction\":[{\"@type\":\"SearchAction\",\"target\":{\"@type\":\"EntryPoint\",\"urlTemplate\":\"https:\/\/www.lungcancergroup.de\/en\/?s={search_term_string}\"},\"query-input\":{\"@type\":\"PropertyValueSpecification\",\"valueRequired\":true,\"valueName\":\"search_term_string\"}}],\"inLanguage\":\"en-US\"}]}<\/script>\n<!-- \/ Yoast SEO plugin. -->","yoast_head_json":{"title":"Projects - Lung Cancer Group Cologne","robots":{"index":"index","follow":"follow","max-snippet":"max-snippet:-1","max-image-preview":"max-image-preview:large","max-video-preview":"max-video-preview:-1"},"canonical":"https:\/\/www.lungcancergroup.de\/en\/projects\/","og_locale":"en_US","og_type":"article","og_title":"Projects - Lung Cancer Group Cologne","og_description":"Projects BMBF Funding by the Federal Ministry of Education and Research (BMBF) within the framework of the \u201cIntegrated Genome Research Network\u201d NGFNplus Program. Collaborative Project Deciphering oncogene dependencies in human cancer oncogene mutation space (Coordinator: Roman Thomas). Subproject 3 Mutational analysis and its clinical implications in patients with lung cancer (J\u00fcrgen Wolf). Subproject 4 Systematic [&hellip;]","og_url":"https:\/\/www.lungcancergroup.de\/en\/projects\/","og_site_name":"Lung Cancer Group Cologne","article_modified_time":"2016-03-09T09:28:21+00:00","twitter_card":"summary_large_image","twitter_misc":{"Est. reading time":"10 minutes"},"schema":{"@context":"https:\/\/schema.org","@graph":[{"@type":"WebPage","@id":"https:\/\/www.lungcancergroup.de\/en\/projects\/","url":"https:\/\/www.lungcancergroup.de\/en\/projects\/","name":"Projects - Lung Cancer Group Cologne","isPartOf":{"@id":"https:\/\/www.lungcancergroup.de\/en\/#website"},"datePublished":"2015-12-08T09:15:48+00:00","dateModified":"2016-03-09T09:28:21+00:00","breadcrumb":{"@id":"https:\/\/www.lungcancergroup.de\/en\/projects\/#breadcrumb"},"inLanguage":"en-US","potentialAction":[{"@type":"ReadAction","target":["https:\/\/www.lungcancergroup.de\/en\/projects\/"]}]},{"@type":"BreadcrumbList","@id":"https:\/\/www.lungcancergroup.de\/en\/projects\/#breadcrumb","itemListElement":[{"@type":"ListItem","position":1,"name":"Startseite","item":"https:\/\/www.lungcancergroup.de\/en\/"},{"@type":"ListItem","position":2,"name":"Projects"}]},{"@type":"WebSite","@id":"https:\/\/www.lungcancergroup.de\/en\/#website","url":"https:\/\/www.lungcancergroup.de\/en\/","name":"Lung Cancer Group Cologne","description":"Lungenkrebs Studiengruppe K\u00f6ln","potentialAction":[{"@type":"SearchAction","target":{"@type":"EntryPoint","urlTemplate":"https:\/\/www.lungcancergroup.de\/en\/?s={search_term_string}"},"query-input":{"@type":"PropertyValueSpecification","valueRequired":true,"valueName":"search_term_string"}}],"inLanguage":"en-US"}]}},"_links":{"self":[{"href":"https:\/\/www.lungcancergroup.de\/en\/wp-json\/wp\/v2\/pages\/447","targetHints":{"allow":["GET"]}}],"collection":[{"href":"https:\/\/www.lungcancergroup.de\/en\/wp-json\/wp\/v2\/pages"}],"about":[{"href":"https:\/\/www.lungcancergroup.de\/en\/wp-json\/wp\/v2\/types\/page"}],"author":[{"embeddable":true,"href":"https:\/\/www.lungcancergroup.de\/en\/wp-json\/wp\/v2\/users\/19"}],"replies":[{"embeddable":true,"href":"https:\/\/www.lungcancergroup.de\/en\/wp-json\/wp\/v2\/comments?post=447"}],"version-history":[{"count":1,"href":"https:\/\/www.lungcancergroup.de\/en\/wp-json\/wp\/v2\/pages\/447\/revisions"}],"predecessor-version":[{"id":1249,"href":"https:\/\/www.lungcancergroup.de\/en\/wp-json\/wp\/v2\/pages\/447\/revisions\/1249"}],"wp:attachment":[{"href":"https:\/\/www.lungcancergroup.de\/en\/wp-json\/wp\/v2\/media?parent=447"}],"curies":[{"name":"wp","href":"https:\/\/api.w.org\/{rel}","templated":true}]}}