{"id":461,"date":"2015-12-08T10:10:54","date_gmt":"2015-12-08T09:10:54","guid":{"rendered":"https:\/\/www.lungcancergroup.de\/en\/wer-wir-sind\/"},"modified":"2025-09-22T19:10:11","modified_gmt":"2025-09-22T17:10:11","slug":"wer-wir-sind","status":"publish","type":"page","link":"https:\/\/www.lungcancergroup.de\/en\/wer-wir-sind\/","title":{"rendered":"Wer wir sind"},"content":{"rendered":"<p>[et_pb_section fb_built=&#8221;1&#8243; make_equal=&#8221;on&#8221; custom_padding_last_edited=&#8221;on|desktop&#8221; admin_label=&#8221;section&#8221; _builder_version=&#8221;4.16&#8243; custom_padding_tablet=&#8221;50px|0|50px|0&#8243; custom_padding_phone=&#8221;&#8221; transparent_background=&#8221;off&#8221; padding_mobile=&#8221;off&#8221; make_fullwidth=&#8221;off&#8221; use_custom_width=&#8221;off&#8221; width_unit=&#8221;on&#8221; global_colors_info=&#8221;{}&#8221;][et_pb_row column_structure=&#8221;1_3,2_3&#8243; padding_mobile=&#8221;off&#8221; column_padding_mobile=&#8221;on&#8221; admin_label=&#8221;row&#8221; _builder_version=&#8221;4.16&#8243; background_size=&#8221;initial&#8221; background_position=&#8221;top_left&#8221; background_repeat=&#8221;repeat&#8221; custom_margin=&#8221;||0px|&#8221; custom_padding=&#8221;||0px|&#8221; make_fullwidth=&#8221;off&#8221; use_custom_width=&#8221;off&#8221; width_unit=&#8221;on&#8221; global_colors_info=&#8221;{}&#8221;][et_pb_column type=&#8221;1_3&#8243; _builder_version=&#8221;4.16&#8243; custom_padding=&#8221;|||&#8221; global_colors_info=&#8221;{}&#8221; custom_padding__hover=&#8221;|||&#8221;][et_pb_text admin_label=&#8221;Wer wir sind&#8221; _builder_version=&#8221;4.16&#8243; background_size=&#8221;initial&#8221; background_position=&#8221;top_left&#8221; background_repeat=&#8221;repeat&#8221; use_border_color=&#8221;off&#8221; border_color=&#8221;#ffffff&#8221; border_style=&#8221;solid&#8221; global_colors_info=&#8221;{}&#8221;]<\/p>\n<h1>Wer wir sind<\/h1>\n<p>[\/et_pb_text][\/et_pb_column][et_pb_column type=&#8221;2_3&#8243; _builder_version=&#8221;4.16&#8243; custom_padding=&#8221;|||&#8221; global_colors_info=&#8221;{}&#8221; custom_padding__hover=&#8221;|||&#8221;][et_pb_image src=&#8221;https:\/\/www.lungcancergroup.de\/wp-content\/uploads\/2024\/03\/MWO_5122-scaled.jpg&#8221; title_text=&#8221;Team Nationales NetzwerkGenomische Medizin (nNGM) Lungenkrebs K&#8221; show_in_lightbox=&#8221;on&#8221; align_tablet=&#8221;center&#8221; align_phone=&#8221;&#8221; align_last_edited=&#8221;on|desktop&#8221; disabled_on=&#8221;off|off|off&#8221; _builder_version=&#8221;4.24.2&#8243; animation_style=&#8221;fade&#8221; animation_duration=&#8221;500ms&#8221; use_border_color=&#8221;off&#8221; border_color=&#8221;#ffffff&#8221; border_style=&#8221;solid&#8221; sticky=&#8221;off&#8221; always_center_on_mobile=&#8221;on&#8221; global_colors_info=&#8221;{}&#8221;][\/et_pb_image][\/et_pb_column][\/et_pb_row][et_pb_row padding_mobile=&#8221;off&#8221; column_padding_mobile=&#8221;on&#8221; admin_label=&#8221;row&#8221; _builder_version=&#8221;4.16&#8243; background_size=&#8221;initial&#8221; background_position=&#8221;top_left&#8221; background_repeat=&#8221;repeat&#8221; custom_margin=&#8221;||0px|&#8221; custom_padding=&#8221;||0px|&#8221; make_fullwidth=&#8221;off&#8221; use_custom_width=&#8221;off&#8221; width_unit=&#8221;on&#8221; global_colors_info=&#8221;{}&#8221;][et_pb_column type=&#8221;4_4&#8243; _builder_version=&#8221;4.16&#8243; custom_padding=&#8221;|||&#8221; global_colors_info=&#8221;{}&#8221; custom_padding__hover=&#8221;|||&#8221;][\/et_pb_column][\/et_pb_row][\/et_pb_section][et_pb_section fb_built=&#8221;1&#8243; custom_padding_last_edited=&#8221;on|desktop&#8221; admin_label=&#8221;ziele&#8221; module_id=&#8221;ziele&#8221; _builder_version=&#8221;4.16&#8243; custom_padding_tablet=&#8221;50px|0|50px|0&#8243; custom_padding_phone=&#8221;&#8221; transparent_background=&#8221;off&#8221; padding_mobile=&#8221;off&#8221; make_fullwidth=&#8221;off&#8221; use_custom_width=&#8221;off&#8221; width_unit=&#8221;on&#8221; global_colors_info=&#8221;{}&#8221;][et_pb_row admin_label=&#8221;row&#8221; _builder_version=&#8221;4.16&#8243; background_size=&#8221;initial&#8221; background_position=&#8221;top_left&#8221; background_repeat=&#8221;repeat&#8221; global_colors_info=&#8221;{}&#8221;][et_pb_column type=&#8221;4_4&#8243; _builder_version=&#8221;4.16&#8243; custom_padding=&#8221;|||&#8221; global_colors_info=&#8221;{}&#8221; custom_padding__hover=&#8221;|||&#8221;][et_pb_text admin_label=&#8221;Ziele&#8221; _builder_version=&#8221;4.22.2&#8243; background_size=&#8221;initial&#8221; background_position=&#8221;top_left&#8221; background_repeat=&#8221;repeat&#8221; use_border_color=&#8221;off&#8221; border_color=&#8221;#ffffff&#8221; border_style=&#8221;solid&#8221; global_colors_info=&#8221;{}&#8221;]<\/p>\n<h2>Ziele<\/h2>\n<p>Die <strong>Lung Cancer Group Cologne (LCGC)<\/strong> wurde 2005 im <strong>Centrum f\u00fcr Integrierte Onkologie (CIO)<\/strong> am <strong>Universit\u00e4tsklinikum K\u00f6ln<\/strong> gegr\u00fcndet. In der LCGC arbeiten \u00c4rzte und Wissenschaftler mit ihren Teams zusammen an der Verbesserung der Therapie von Lungenkrebs. Wir sind davon \u00fcberzeugt, dass zur Erreichung dieses Ziels das Verst\u00e4ndnis der biologischen Grundlagen von Lungenkrebs, eine akkurate molekulare Diagnostik und auf biologischem Verst\u00e4ndnis basierende klinische Studien Hand in Hand gehen m\u00fcssen.<br \/>Deshalb besteht in der LCGC ein permanenter Austausch zwischen der klinischen Studienzentrale und\u00a0den Arbeitsgruppen der molekularen Pathologie, der Krebsgenomik und des molekularen\u00a0Imaging. Neben der Entwicklung neuer Therapieans\u00e4tze sind wir bestrebt, allen unseren Patienten\u00a0eine auf den neuesten Erkenntnissen basierende Therapie ihrer Tumorerkrankung zukommen zu lassen. Hierzu stehen wir auch in engem Kontakt mit international\u00a0f\u00fchrenden Gruppen.<\/p>\n<p>Auf dieser Website wollen wir Ihnen einen Einblick in unsere Forschungsprogramme und unser klinisches Studienprogramm geben und Ihnen erm\u00f6glichen, mit uns in Kontakt zu treten.<\/p>\n<p>[\/et_pb_text][\/et_pb_column][\/et_pb_row][\/et_pb_section][et_pb_section fb_built=&#8221;1&#8243; custom_padding_last_edited=&#8221;on|desktop&#8221; admin_label=&#8221;studienzentrale&#8221; module_id=&#8221;studienzentrale&#8221; _builder_version=&#8221;4.16&#8243; background_color=&#8221;#efefef&#8221; custom_padding_tablet=&#8221;50px|0|50px|0&#8243; custom_padding_phone=&#8221;&#8221; transparent_background=&#8221;off&#8221; padding_mobile=&#8221;off&#8221; make_fullwidth=&#8221;off&#8221; use_custom_width=&#8221;off&#8221; width_unit=&#8221;on&#8221; global_colors_info=&#8221;{}&#8221;][et_pb_row _builder_version=&#8221;4.16&#8243; background_size=&#8221;initial&#8221; background_position=&#8221;top_left&#8221; background_repeat=&#8221;repeat&#8221; global_colors_info=&#8221;{}&#8221;][et_pb_column type=&#8221;4_4&#8243; _builder_version=&#8221;4.16&#8243; custom_padding=&#8221;|||&#8221; global_colors_info=&#8221;{}&#8221; custom_padding__hover=&#8221;|||&#8221;][et_pb_text admin_label=&#8221;Studienzentrale&#8221; _builder_version=&#8221;4.16&#8243; background_size=&#8221;initial&#8221; background_position=&#8221;top_left&#8221; background_repeat=&#8221;repeat&#8221; use_border_color=&#8221;off&#8221; border_color=&#8221;#ffffff&#8221; border_style=&#8221;solid&#8221; global_colors_info=&#8221;{}&#8221;]<\/p>\n<h2>Studienzentrale<\/h2>\n<p>Das Team der LCGC-Studienzentrale unter der Leitung von Prof. J\u00fcrgen Wolf ist in der Klinik I f\u00fcr Innere Medizin im Centrum f\u00fcr Integrierte Onkologie am Universit\u00e4tsklinikum K\u00f6ln beheimatet. Unser Ziel ist die Erarbeitung effektiver Therapieans\u00e4tze f\u00fcr Lungenkrebs.<\/p>\n<p>Hierzu entwickeln wir in engem Austausch mit den Arbeitsgruppen der molekularen Pathologie, der translationalen Krebsgenomik, der des molekularen Imaging eigene Studienprotokolle zur Behandlung von Lungenkrebs. Dar\u00fcber hinaus sind wir bestrebt, unseren Patienten in enger Zusammenarbeit mit der pharmazeutischen Industrie ein m\u00f6glichst umfangreiches Angebot an Studien mit neuen Medikamenten oder Therapieans\u00e4tzen gegen ihre Krebserkrankung zur Verf\u00fcgung zu stellen.<\/p>\n<p>Das LCGC-Studienprogramm strebt insbesondere danach, jedem Patienten mit einer therapeutisch relevanten genetischen Aberration in seinem Tumor eine hierf\u00fcr spezifische Studie anzubieten. Um dieses Ziel f\u00fcr eine m\u00f6glichst gro\u00dfe Zahl von Patienten zu erreichen, betreuen die \u00c4rzte der LCGC-Studienzentrale auch die Zentrale des <a href=\"http:\/\/www.ngm-cancer.com\/\" target=\"_blank\" rel=\"noopener noreferrer\">Netzwerks Genomische Medizin Lungenkrebs<\/a>. Die \u00c4rzte der LCGC Studienzentrale arbeiten dar\u00fcberhinaus in den Spezialambulanzen des <a href=\"http:\/\/www.cio-koeln-bonn.de\/\" target=\"_blank\" rel=\"noopener noreferrer\">Centrums f\u00fcr Integrierte Onkologie<\/a> und auf den Stationen der Klinik I f\u00fcr Innere Medizin im <a href=\"http:\/\/www.uk-koeln.de\/\" target=\"_blank\" rel=\"noopener noreferrer\">Universit\u00e4tsklinikum K\u00f6ln<\/a>, um eine optimale Betreuung der Lungenkrebs-Patienten in K\u00f6ln zu gew\u00e4hrleisten.<br \/>\n[\/et_pb_text][\/et_pb_column][\/et_pb_row][\/et_pb_section][et_pb_section fb_built=&#8221;1&#8243; custom_padding_last_edited=&#8221;on|desktop&#8221; admin_label=&#8221;team&#8221; module_id=&#8221;team&#8221; _builder_version=&#8221;4.23.1&#8243; background_color=&#8221;#ffffff&#8221; custom_padding_tablet=&#8221;50px|0|50px|0&#8243; custom_padding_phone=&#8221;&#8221; transparent_background=&#8221;off&#8221; padding_mobile=&#8221;off&#8221; make_fullwidth=&#8221;off&#8221; use_custom_width=&#8221;off&#8221; width_unit=&#8221;on&#8221; global_colors_info=&#8221;{}&#8221;][et_pb_row padding_mobile=&#8221;off&#8221; column_padding_mobile=&#8221;on&#8221; admin_label=&#8221;row&#8221; _builder_version=&#8221;4.16&#8243; background_size=&#8221;initial&#8221; background_position=&#8221;top_left&#8221; background_repeat=&#8221;repeat&#8221; make_fullwidth=&#8221;off&#8221; use_custom_width=&#8221;off&#8221; width_unit=&#8221;on&#8221; global_colors_info=&#8221;{}&#8221;][et_pb_column type=&#8221;4_4&#8243; _builder_version=&#8221;4.16&#8243; custom_padding=&#8221;|||&#8221; global_colors_info=&#8221;{}&#8221; custom_padding__hover=&#8221;|||&#8221;][et_pb_text admin_label=&#8221;Team&#8221; _builder_version=&#8221;4.16&#8243; background_size=&#8221;initial&#8221; background_position=&#8221;top_left&#8221; background_repeat=&#8221;repeat&#8221; use_border_color=&#8221;off&#8221; border_color=&#8221;#ffffff&#8221; border_style=&#8221;solid&#8221; global_colors_info=&#8221;{}&#8221;]<\/p>\n<h2>Team<\/h2>\n<p>[\/et_pb_text][et_pb_text admin_label=&#8221;Navigation Jump2&#8243; module_class=&#8221;jump-to&#8221; _builder_version=&#8221;4.22.2&#8243; background_color=&#8221;#3b78aa&#8221; background_size=&#8221;initial&#8221; background_position=&#8221;top_left&#8221; background_repeat=&#8221;repeat&#8221; text_orientation=&#8221;center&#8221; background_layout=&#8221;dark&#8221; module_alignment=&#8221;center&#8221; custom_padding=&#8221;10px|10px|10px|10px&#8221; use_border_color=&#8221;off&#8221; border_color=&#8221;#ffffff&#8221; border_style=&#8221;solid&#8221; global_colors_info=&#8221;{}&#8221;]<\/p>\n<p><a href=\"#leitung\">Leitung<\/a> |<a href=\"#behandelnde-aerzte\"> \u00c4rzte<\/a> | <a href=\"#studienkoordinator-projektmanagement\">Studienkoordination<\/a> | <a href=\"#studienkoordinator-projektmanagement\">PM IIT\u00b4s<\/a> | <a href=\"#studienassistenten\">Studienassistenten<\/a> | <a href=\"#pathologie\">Pathologie<\/a>\u00a0<\/p>\n<p>[\/et_pb_text][\/et_pb_column][\/et_pb_row][et_pb_row column_structure=&#8221;1_3,1_3,1_3&#8243; padding_mobile=&#8221;off&#8221; column_padding_mobile=&#8221;on&#8221; admin_label=&#8221;row&#8221; _builder_version=&#8221;4.16&#8243; background_size=&#8221;initial&#8221; background_position=&#8221;top_left&#8221; background_repeat=&#8221;repeat&#8221; make_fullwidth=&#8221;off&#8221; use_custom_width=&#8221;off&#8221; width_unit=&#8221;on&#8221; global_colors_info=&#8221;{}&#8221;][et_pb_column type=&#8221;1_3&#8243; _builder_version=&#8221;4.16&#8243; custom_padding=&#8221;|||&#8221; global_colors_info=&#8221;{}&#8221; custom_padding__hover=&#8221;|||&#8221;][et_pb_text admin_label=&#8221;Leitung Studienzentrale&#8221; _builder_version=&#8221;4.23.1&#8243; background_size=&#8221;initial&#8221; background_position=&#8221;top_left&#8221; background_repeat=&#8221;repeat&#8221; use_border_color=&#8221;off&#8221; border_color=&#8221;#ffffff&#8221; border_style=&#8221;solid&#8221; global_colors_info=&#8221;{}&#8221;]<\/p>\n<h3 style=\"text-align: center;\">Sprecher \/ Leitung Studienzentrale<\/h3>\n<p>[\/et_pb_text][et_pb_team_member name=&#8221; Prof. Dr. med. J\u00fcrgen Wolf&#8221; position=&#8221;Uniklinik K\u00f6ln &#8221; image_url=&#8221;https:\/\/www.lungcancergroup.de\/wp-content\/uploads\/2015\/12\/csm_team_wolf_c7e8193667.jpg&#8221; admin_label=&#8221;Prof. Dr. med. J\u00fcrgen Wolf&#8221; module_id=&#8221;worker_info&#8221; _builder_version=&#8221;4.23.1&#8243; header_text_align=&#8221;center&#8221; body_text_align=&#8221;center&#8221; position_text_align=&#8221;center&#8221; background_size=&#8221;initial&#8221; background_position=&#8221;top_left&#8221; background_repeat=&#8221;repeat&#8221; text_orientation=&#8221;center&#8221; custom_css_free_form=&#8221;#worker_info {||    display: flex;||    flex-direction: column; \/* Stack items vertically *\/||    align-items: center; \/* Center items horizontally *\/||    text-align: center; \/* Center-align text *\/||}||||#worker_info img {||    display: block;||    margin: 0 auto;||  max-width: 240px !important; \/* Set maximum width for the image *\/||  max-height: 300px !important; \/* Set maximum height for the image *\/||}&#8221; border_color_all_image=&#8221;RGBA(255,255,255,0)&#8221; use_border_color=&#8221;off&#8221; global_colors_info=&#8221;{}&#8221;]<\/p>\n<p>Klinik\u00a0I f\u00fcr Innere Medizin<br \/>CIO Geb\u00e4ude 70<br \/>Ebene 5, Raum 5.030<br \/>Kerpener Str. 62<br \/>50937 K\u00f6ln<\/p>\n<p><a class=\"tel\" title=\"Prof. Dr. med. J\u00fcrgen Wolf freut sich \u00fcber Ihren Anruf\" href=\"tel:+4922147889050\">+49 221 478-89050<\/a><br \/><a class=\"fax\">+49 221 478-89051<\/a><br \/><a class=\"email\" title=\"Prof. Dr. med. J\u00fcrgen Wolf freut sich \u00fcber Ihre Nachricht\" href=\"mailto: juergen.wolf@uk-koeln.de\"> juergen.wolf@uk-koeln.de<\/a><\/p>\n<p>[\/et_pb_team_member][\/et_pb_column][et_pb_column type=&#8221;1_3&#8243; _builder_version=&#8221;4.16&#8243; custom_padding=&#8221;|||&#8221; global_colors_info=&#8221;{}&#8221; custom_padding__hover=&#8221;|||&#8221;][et_pb_text admin_label=&#8221;\u00c4rztliche Leitung Studienzentrale&#8221; _builder_version=&#8221;4.23.1&#8243; background_size=&#8221;initial&#8221; background_position=&#8221;top_left&#8221; background_repeat=&#8221;repeat&#8221; use_border_color=&#8221;off&#8221; border_color=&#8221;#ffffff&#8221; border_style=&#8221;solid&#8221; global_colors_info=&#8221;{}&#8221;]<\/p>\n<h3 style=\"text-align: center;\">\u00c4rztliche Leitung Studienzentrale<\/h3>\n<p>[\/et_pb_text][et_pb_team_member name=&#8221;Priv.-Doz. Dr. med. Lucia Nogova, M.Sc.&#8221; position=&#8221;Uniklinik K\u00f6ln&#8221; image_url=&#8221;https:\/\/www.lungcancergroup.de\/wp-content\/uploads\/2015\/12\/csm_team_nogova_7ac319d01b.jpg&#8221; admin_label=&#8221;Priv. Doz. Dr. med. Lucia Nogova, M.Sc.&#8221; module_id=&#8221;worker_info&#8221; _builder_version=&#8221;4.23.1&#8243; background_size=&#8221;initial&#8221; background_position=&#8221;top_left&#8221; background_repeat=&#8221;repeat&#8221; use_border_color=&#8221;off&#8221; global_colors_info=&#8221;{}&#8221;]<\/p>\n<p style=\"text-align: center;\">Klinik I f\u00fcr Innere Medizin<br \/>CIO Geb\u00e4ude 70<br \/>Ebene 5<br \/>Kerpener Str. 62<br \/>50937 K\u00f6ln<\/p>\n<p style=\"text-align: center;\">\n<p><a class=\"fax\">+49 221 478-3978<\/a><br \/><a class=\"email\" title=\"Lucia Nogova freut sich \u00fcber Ihre Nachricht\" href=\"mailto: lucia.nogova@uk-koeln.de\"> lucia.nogova@uk-koeln.de<\/a><\/p>\n<p>[\/et_pb_team_member][\/et_pb_column][et_pb_column type=&#8221;1_3&#8243; _builder_version=&#8221;4.16&#8243; custom_padding=&#8221;|||&#8221; global_colors_info=&#8221;{}&#8221; custom_padding__hover=&#8221;|||&#8221;][\/et_pb_column][\/et_pb_row][et_pb_row padding_mobile=&#8221;off&#8221; column_padding_mobile=&#8221;on&#8221; admin_label=&#8221;row&#8221; module_id=&#8221;behandelnde-aerzte&#8221; _builder_version=&#8221;4.16&#8243; background_size=&#8221;initial&#8221; background_position=&#8221;top_left&#8221; background_repeat=&#8221;repeat&#8221; make_fullwidth=&#8221;off&#8221; use_custom_width=&#8221;off&#8221; width_unit=&#8221;on&#8221; global_colors_info=&#8221;{}&#8221;][et_pb_column type=&#8221;4_4&#8243; _builder_version=&#8221;4.16&#8243; custom_padding=&#8221;|||&#8221; global_colors_info=&#8221;{}&#8221; custom_padding__hover=&#8221;|||&#8221;][et_pb_divider disabled_on=&#8221;on|on|off&#8221; _builder_version=&#8221;4.16&#8243; height=&#8221;18px&#8221; hide_on_mobile=&#8221;on&#8221; global_colors_info=&#8221;{}&#8221;][\/et_pb_divider][\/et_pb_column][\/et_pb_row][et_pb_row admin_label=&#8221;row&#8221; _builder_version=&#8221;4.16&#8243; background_size=&#8221;initial&#8221; background_position=&#8221;top_left&#8221; background_repeat=&#8221;repeat&#8221; global_colors_info=&#8221;{}&#8221;][et_pb_column type=&#8221;4_4&#8243; _builder_version=&#8221;4.16&#8243; custom_padding=&#8221;|||&#8221; global_colors_info=&#8221;{}&#8221; custom_padding__hover=&#8221;|||&#8221;][et_pb_text admin_label=&#8221;Studien\u00e4rzte&#8221; _builder_version=&#8221;4.22.2&#8243; background_size=&#8221;initial&#8221; background_position=&#8221;top_left&#8221; background_repeat=&#8221;repeat&#8221; use_border_color=&#8221;off&#8221; border_color=&#8221;#ffffff&#8221; border_style=&#8221;solid&#8221; global_colors_info=&#8221;{}&#8221;]<\/p>\n<h3>Studien\u00e4rzte<\/h3>\n<p>[\/et_pb_text][\/et_pb_column][\/et_pb_row][et_pb_row column_structure=&#8221;1_3,1_3,1_3&#8243; admin_label=&#8221;row&#8221; _builder_version=&#8221;4.27.4&#8243; background_size=&#8221;initial&#8221; background_position=&#8221;top_left&#8221; background_repeat=&#8221;repeat&#8221; hover_enabled=&#8221;0&#8243; global_colors_info=&#8221;{}&#8221; sticky_enabled=&#8221;0&#8243;][et_pb_column type=&#8221;1_3&#8243; _builder_version=&#8221;4.16&#8243; custom_padding=&#8221;|||&#8221; global_colors_info=&#8221;{}&#8221; custom_padding__hover=&#8221;|||&#8221;][et_pb_team_member name=&#8221;Dr. med. Felix John&#8221; position=&#8221;Uniklinik K\u00f6ln&#8221; image_url=&#8221;https:\/\/www.lungcancergroup.de\/wp-content\/uploads\/2024\/02\/john_felix_med_1_10201_-scaled-e1707924865145.jpg&#8221; admin_label=&#8221;Felix John&#8221; module_id=&#8221;worker_info&#8221; _builder_version=&#8221;4.23.1&#8243; background_size=&#8221;initial&#8221; background_position=&#8221;top_left&#8221; background_repeat=&#8221;repeat&#8221; use_border_color=&#8221;off&#8221; global_colors_info=&#8221;{}&#8221;]<\/p>\n<p>Klinik I f\u00fcr Innere Medizin<br \/>CIO Geb\u00e4ude 70<br \/>Ebene 1, Raum 1.018<br \/>Kerpener Str. 62<br \/>50937 K\u00f6ln<\/p>\n<p><a class=\"fax\">+49 221 478-30569<\/a><br \/><a class=\"email\" title=\"Felix John freut sich \u00fcber Ihre Nachricht\" href=\"mailto:felix.john@uk-koeln.de\">felix.john@uk-koeln.de<\/a><\/p>\n<p>[\/et_pb_team_member][\/et_pb_column][et_pb_column _builder_version=&#8221;4.27.4&#8243; _module_preset=&#8221;default&#8221; type=&#8221;1_3&#8243;][et_pb_team_member name=&#8221;Dr. med. Sebastian Michels&#8221; position=&#8221;Uniklinik K\u00f6ln&#8221; image_url=&#8221;https:\/\/www.lungcancergroup.de\/wp-content\/uploads\/2015\/12\/csm_team_michels_0092b14011.jpg&#8221; admin_label=&#8221;Sebastian Michels&#8221; module_id=&#8221;worker_info&#8221; _builder_version=&#8221;4.23.1&#8243; background_size=&#8221;initial&#8221; background_position=&#8221;top_left&#8221; background_repeat=&#8221;repeat&#8221; border_color_all=&#8221;#ffffff&#8221; use_border_color=&#8221;off&#8221; global_colors_info=&#8221;{}&#8221;]<\/p>\n<p>Klinik I f\u00fcr Innere Medizin<br \/>CIO Geb\u00e4ude 70<br \/>Ebene 1, Raum 1.018<br \/>Kerpener Str. 62<br \/>50937 K\u00f6ln<\/p>\n<p><a class=\"fax\">+49 221 478-30569<\/a><br \/><a class=\"email\" title=\"Sebastian Michels freut sich \u00fcber Ihre Nachricht\" href=\"mailto: sebastian.michels@uk-koeln.de\"> sebastian.michels@uk-koeln.de<\/a><\/p>\n<p>[\/et_pb_team_member][\/et_pb_column][et_pb_column _builder_version=&#8221;4.27.4&#8243; _module_preset=&#8221;default&#8221; type=&#8221;1_3&#8243;][et_pb_team_member name=&#8221;Dr. med. Richard Riedel&#8221; position=&#8221;Uniklinik K\u00f6ln&#8221; image_url=&#8221;https:\/\/www.lungcancergroup.de\/wp-content\/uploads\/2015\/12\/riedel_richard__zugeschnitten-f\u00fcr-Homepage.jpg&#8221; admin_label=&#8221;Dr. med. Richard Riedel&#8221; module_id=&#8221;worker_info&#8221; _builder_version=&#8221;4.23.1&#8243; background_size=&#8221;initial&#8221; background_position=&#8221;top_left&#8221; background_repeat=&#8221;repeat&#8221; use_border_color=&#8221;off&#8221; global_colors_info=&#8221;{}&#8221;]<\/p>\n<p>Klinik I f\u00fcr Innere Medizin<br \/>CIO Geb\u00e4ude 70<br \/>Ebene 1, Raum 1.018<br \/>Kerpener Str. 62<br \/>50937 K\u00f6ln<\/p>\n<p><a class=\"fax\">+49 221 478-30569<\/a><br \/><a class=\"email\" title=\"Richard Riedel freut sich \u00fcber Ihre Nachricht\" href=\"mailto: richard.riedel@uk-koeln.de\"> richard.riedel@uk-koeln.de<\/a><\/p>\n<p>&nbsp;<\/p>\n<p>[\/et_pb_team_member][\/et_pb_column][\/et_pb_row][et_pb_row column_structure=&#8221;1_3,1_3,1_3&#8243; _builder_version=&#8221;4.16&#8243; background_size=&#8221;initial&#8221; background_position=&#8221;top_left&#8221; background_repeat=&#8221;repeat&#8221; global_colors_info=&#8221;{}&#8221;][et_pb_column type=&#8221;1_3&#8243; _builder_version=&#8221;4.16&#8243; custom_padding=&#8221;|||&#8221; global_colors_info=&#8221;{}&#8221; custom_padding__hover=&#8221;|||&#8221;][et_pb_team_member name=&#8221;Dr. med. Lea Ruge&#8221; position=&#8221;Uniklinik K\u00f6ln&#8221; image_url=&#8221;https:\/\/www.lungcancergroup.de\/wp-content\/uploads\/2024\/04\/20231121_Ruge_01-Kopie-2-e1716231058398.jpg&#8221; admin_label=&#8221;Lea Ruge&#8221; module_id=&#8221;worker_info&#8221; _builder_version=&#8221;4.24.3&#8243; background_size=&#8221;initial&#8221; background_position=&#8221;top_left&#8221; background_repeat=&#8221;repeat&#8221; use_border_color=&#8221;off&#8221; global_colors_info=&#8221;{}&#8221;]<\/p>\n<p>Klinik I f\u00fcr Innere Medizin<br \/>CIO Geb\u00e4ude 70<br \/>Ebene 1, Raum 1.018<br \/>Kerpener Str. 62<br \/>50937 K\u00f6ln<\/p>\n<p><a class=\"fax\">+49 221 478-30569<\/a><br \/><a class=\"email\" title=\"Lea Ruge freut sich \u00fcber Ihre Nachricht\" href=\"mailto:lea.ruge@uk-koeln.de\"> lea.ruge@uk-koeln.de<\/a><\/p>\n<p>&nbsp;<\/p>\n<p>[\/et_pb_team_member][\/et_pb_column][et_pb_column _builder_version=&#8221;4.27.4&#8243; _module_preset=&#8221;default&#8221; type=&#8221;1_3&#8243;][et_pb_team_member name=&#8221;Dr. med. Malte Verheyen&#8221; position=&#8221;Uniklinik K\u00f6ln&#8221; image_url=&#8221;https:\/\/www.lungcancergroup.de\/wp-content\/uploads\/2024\/11\/verheyen_malte_00878h-scaled-e1730627048667.jpg&#8221; admin_label=&#8221;Diana Schaufler&#8221; module_id=&#8221;worker_info&#8221; _builder_version=&#8221;4.27.0&#8243; background_size=&#8221;initial&#8221; background_position=&#8221;top_left&#8221; background_repeat=&#8221;repeat&#8221; use_border_color=&#8221;off&#8221; global_colors_info=&#8221;{}&#8221;]<\/p>\n<p>Klinik I f\u00fcr Innere Medizin<br \/>CIO Geb\u00e4ude 70<br \/>Ebene 1, Raum 1.018<br \/>Kerpener Str. 62<br \/>50937 K\u00f6ln<\/p>\n<p><a class=\"fax\">+49 221 478-30569<\/a><br \/><a class=\"email\" title=\"Diana Abdulla freut sich \u00fcber Ihre Nachricht\" href=\"mailto: diana.abdulla@uk-koeln.de\"> malte.verheyen@uk-koeln.de<\/a><\/p>\n<p>&nbsp;<\/p>\n<p>[\/et_pb_team_member][\/et_pb_column][et_pb_column _builder_version=&#8221;4.27.4&#8243; _module_preset=&#8221;default&#8221; type=&#8221;1_3&#8243;][et_pb_team_member name=&#8221;Dr. med. Heather Scharpenseel&#8221; position=&#8221;Uniklinik K\u00f6ln&#8221; image_url=&#8221;https:\/\/www.lungcancergroup.de\/wp-content\/uploads\/2021\/10\/scharpenseel_heather.jpg&#8221; admin_label=&#8221;Heather Scharpenseel&#8221; module_id=&#8221;worker_info&#8221; _builder_version=&#8221;4.27.0&#8243; background_size=&#8221;initial&#8221; background_position=&#8221;top_left&#8221; background_repeat=&#8221;repeat&#8221; hover_enabled=&#8221;0&#8243; use_border_color=&#8221;off&#8221; global_colors_info=&#8221;{}&#8221; sticky_enabled=&#8221;0&#8243;]<\/p>\n<p>Klinik I f\u00fcr Innere Medizin<br \/>CIO Geb\u00e4ude 70<br \/>Ebene 1, Raum 1.018<br \/>Kerpener Str. 62<br \/>50937 K\u00f6ln<\/p>\n<p><a class=\"fax\">+49 221 478-30569<\/a><br \/><a class=\"email\" title=\"Heather Scharpenseel freut sich \u00fcber Ihre Nachricht\" href=\"mailto: heather.scharpenseel@uk-koeln.de\">heather.scharpenseel@uk-koeln.de<\/a><\/p>\n<p>&nbsp;<\/p>\n<p>[\/et_pb_team_member][\/et_pb_column][\/et_pb_row][et_pb_row column_structure=&#8221;1_3,1_3,1_3&#8243; _builder_version=&#8221;4.27.4&#8243; hover_enabled=&#8221;0&#8243; global_colors_info=&#8221;{}&#8221; sticky_enabled=&#8221;0&#8243;][et_pb_column _builder_version=&#8221;4.27.4&#8243; _module_preset=&#8221;default&#8221; type=&#8221;1_3&#8243;][et_pb_team_member name=&#8221;Priv.-Doz. Dr. med. Matthias Scheffler&#8221; position=&#8221;Uniklinik K\u00f6ln&#8221; image_url=&#8221;https:\/\/www.lungcancergroup.de\/wp-content\/uploads\/2015\/12\/csm_team_scheffler_f555bee2e1.jpg&#8221; admin_label=&#8221;Priv.-Doz. Dr. med. Matthias Scheffler&#8221; module_id=&#8221;worker_info&#8221; _builder_version=&#8221;4.23.1&#8243; background_size=&#8221;initial&#8221; background_position=&#8221;top_left&#8221; background_repeat=&#8221;repeat&#8221; use_border_color=&#8221;off&#8221; global_colors_info=&#8221;{}&#8221;]<\/p>\n<p>Klinik I f\u00fcr Innere Medizin<br \/>Geb\u00e4ude 5B<br \/>Raum EG 002<br \/>Kerpener Str. 62<br \/>50937 K\u00f6ln<\/p>\n<p><a class=\"fax\">+49 221 478-3978<\/a><br \/><a class=\"email\" title=\"Matthias Scheffler freut sich \u00fcber Ihre Nachricht\" href=\"mailto: matthias.scheffler@uk-koeln.de\"> matthias.scheffler@uk-koeln.de<\/a><\/p>\n<p>[\/et_pb_team_member][\/et_pb_column][et_pb_column _builder_version=&#8221;4.27.4&#8243; _module_preset=&#8221;default&#8221; type=&#8221;1_3&#8243;][et_pb_team_member name=&#8221;Dr. med. Sofia Stilianakis&#8221; position=&#8221;Uniklinik K\u00f6ln&#8221; image_url=&#8221;https:\/\/www.lungcancergroup.de\/wp-content\/uploads\/2025\/09\/stilianakis_sofia_03730h-scaled-e1758560077636.jpg&#8221; admin_label=&#8221;Heather Scharpenseel&#8221; module_id=&#8221;worker_info&#8221; _builder_version=&#8221;4.27.4&#8243; background_size=&#8221;initial&#8221; background_position=&#8221;top_left&#8221; background_repeat=&#8221;repeat&#8221; hover_enabled=&#8221;0&#8243; use_border_color=&#8221;off&#8221; locked=&#8221;off&#8221; global_colors_info=&#8221;{}&#8221; title_text=&#8221;Sofia Stilianakis&#8221; sticky_enabled=&#8221;0&#8243;]<\/p>\n<p>Klinik I f\u00fcr Innere Medizin<br \/>CIO Geb\u00e4ude 70<br \/>Ebene 1, Raum 1.018<br \/>Kerpener Str. 62<br \/>50937 K\u00f6ln<\/p>\n<p><a class=\"fax\">+49 221 478-30569<\/a><br \/><span lang=\"de\"><span style=\"font-family: Calibri,sans-serif; font-size: small;\"><span style=\"font-size: 11pt;\"><a href=\"mailto:E-Mail%20adressesofia.stilianakis@uk-koeln.de\" target=\"_blank\" rel=\"noopener noreferrer\">sofia.stilianakis@uk-koeln.de<\/a><\/span><\/span><\/span><\/p>\n<p>&nbsp;<\/p>\n<p>[\/et_pb_team_member][\/et_pb_column][et_pb_column _builder_version=&#8221;4.27.4&#8243; _module_preset=&#8221;default&#8221; type=&#8221;1_3&#8243; hover_enabled=&#8221;0&#8243; sticky_enabled=&#8221;0&#8243;][\/et_pb_column][\/et_pb_row][et_pb_row padding_mobile=&#8221;off&#8221; column_padding_mobile=&#8221;on&#8221; admin_label=&#8221;row&#8221; module_id=&#8221;studienkoordinator-projektmanagement&#8221; _builder_version=&#8221;4.16&#8243; background_size=&#8221;initial&#8221; background_position=&#8221;top_left&#8221; background_repeat=&#8221;repeat&#8221; make_fullwidth=&#8221;off&#8221; use_custom_width=&#8221;off&#8221; width_unit=&#8221;on&#8221; global_colors_info=&#8221;{}&#8221;][et_pb_column type=&#8221;4_4&#8243; _builder_version=&#8221;4.16&#8243; custom_padding=&#8221;|||&#8221; global_colors_info=&#8221;{}&#8221; custom_padding__hover=&#8221;|||&#8221;][et_pb_divider disabled_on=&#8221;on|on|off&#8221; _builder_version=&#8221;4.16&#8243; height=&#8221;18px&#8221; hide_on_mobile=&#8221;on&#8221; global_colors_info=&#8221;{}&#8221;][\/et_pb_divider][\/et_pb_column][\/et_pb_row][et_pb_row admin_label=&#8221;row&#8221; _builder_version=&#8221;4.16&#8243; background_size=&#8221;initial&#8221; background_position=&#8221;top_left&#8221; background_repeat=&#8221;repeat&#8221; global_colors_info=&#8221;{}&#8221;][et_pb_column type=&#8221;4_4&#8243; _builder_version=&#8221;4.16&#8243; custom_padding=&#8221;|||&#8221; global_colors_info=&#8221;{}&#8221; custom_padding__hover=&#8221;|||&#8221;][et_pb_text admin_label=&#8221;Studienkoordination&#8221; _builder_version=&#8221;4.22.2&#8243; background_size=&#8221;initial&#8221; background_position=&#8221;top_left&#8221; background_repeat=&#8221;repeat&#8221; use_border_color=&#8221;off&#8221; border_color=&#8221;#ffffff&#8221; border_style=&#8221;solid&#8221; global_colors_info=&#8221;{}&#8221;]<\/p>\n<h3>Studienkoordination<\/h3>\n<p>[\/et_pb_text][\/et_pb_column][\/et_pb_row][et_pb_row column_structure=&#8221;1_3,1_3,1_3&#8243; admin_label=&#8221;row&#8221; _builder_version=&#8221;4.16&#8243; background_size=&#8221;initial&#8221; background_position=&#8221;top_left&#8221; background_repeat=&#8221;repeat&#8221; global_colors_info=&#8221;{}&#8221;][et_pb_column type=&#8221;1_3&#8243; _builder_version=&#8221;4.16&#8243; custom_padding=&#8221;|||&#8221; global_colors_info=&#8221;{}&#8221; custom_padding__hover=&#8221;|||&#8221;][et_pb_team_member name=&#8221;Elisabeth Bitter&#8221; position=&#8221;Uniklinik K\u00f6ln&#8221; image_url=&#8221;https:\/\/www.lungcancergroup.de\/wp-content\/uploads\/2015\/12\/csm_team_bitter_181976f659.jpg&#8221; admin_label=&#8221;Elisabeth Bitter&#8221; module_id=&#8221;worker_info&#8221; _builder_version=&#8221;4.23.1&#8243; background_size=&#8221;initial&#8221; background_position=&#8221;top_left&#8221; background_repeat=&#8221;repeat&#8221; use_border_color=&#8221;off&#8221; global_colors_info=&#8221;{}&#8221;]<\/p>\n<p>Lung Cancer Group Cologne<br \/>Klinik I f\u00fcr Innere Medizin<br \/>Kerpener Str. 62 | 50937 K\u00f6ln<\/p>\n<p><a class=\"tel\" title=\"Elisabeth Bitter freut sich \u00fcber Ihren Anruf\" href=\"tel:+4922147884555\">+49 221 478-84555<\/a><br \/><a class=\"fax\">+49 221 478-3978<\/a><br \/><a class=\"email\" title=\"Elisabeth Bitter freut sich \u00fcber Ihre Nachricht\" href=\"mailto: elisabeth.bitter@uk-koeln.de\"> elisabeth.bitter@uk-koeln.de<\/a><\/p>\n<p>[\/et_pb_team_member][\/et_pb_column][et_pb_column type=&#8221;1_3&#8243; _builder_version=&#8221;4.16&#8243; custom_padding=&#8221;|||&#8221; global_colors_info=&#8221;{}&#8221; custom_padding__hover=&#8221;|||&#8221;][et_pb_team_member name=&#8221;Claudia W\u00f6mpner&#8221; position=&#8221;Uniklinik K\u00f6ln&#8221; image_url=&#8221;https:\/\/www.lungcancergroup.de\/wp-content\/uploads\/2015\/12\/csm_team_woempner_8fac34754f.jpg&#8221; admin_label=&#8221;Claudia W\u00f6mpner&#8221; module_id=&#8221;worker_info&#8221; _builder_version=&#8221;4.23.1&#8243; background_size=&#8221;initial&#8221; background_position=&#8221;top_left&#8221; background_repeat=&#8221;repeat&#8221; use_border_color=&#8221;off&#8221; global_colors_info=&#8221;{}&#8221;]<\/p>\n<p>Lung Cancer Group Cologne<br \/>Medizinische Klinik I<br \/>Kerpener Str. 62 | 50937 K\u00f6ln<\/p>\n<p><a class=\"tel\" title=\"Claudia W\u00f6mpner freut sich \u00fcber Ihren Anruf\" href=\"tel:+4922147884556\">+49 221 478-84556<\/a><br \/><a class=\"fax\">+49 221 478-87010<\/a><br \/><a class=\"email\" title=\"Claudia W\u00f6mpner freut sich \u00fcber Ihre Nachricht\" href=\"mailto:claudia.woempner@uk-koeln.de\"> claudia.woempner@uk-koeln.de<\/a><\/p>\n<p>[\/et_pb_team_member][\/et_pb_column][et_pb_column type=&#8221;1_3&#8243; _builder_version=&#8221;4.16&#8243; custom_padding=&#8221;|||&#8221; global_colors_info=&#8221;{}&#8221; custom_padding__hover=&#8221;|||&#8221;][et_pb_team_member name=&#8221;Elke Passmann&#8221; position=&#8221;Uniklinik K\u00f6ln&#8221; image_url=&#8221;https:\/\/www.lungcancergroup.de\/wp-content\/uploads\/2015\/12\/csm_team_passmann_3aabfaa47a.jpg&#8221; admin_label=&#8221;Elke Passmann&#8221; module_id=&#8221;worker_info&#8221; _builder_version=&#8221;4.23.1&#8243; background_size=&#8221;initial&#8221; background_position=&#8221;top_left&#8221; background_repeat=&#8221;repeat&#8221; use_border_color=&#8221;off&#8221; global_colors_info=&#8221;{}&#8221;]<\/p>\n<p>Lung Cancer Group Cologne<br \/>Medizinische Klinik I<br \/>Kerpener Str. 62 | 50937 K\u00f6ln<\/p>\n<p><a class=\"tel\" title=\"Elke Passmann freut sich \u00fcber Ihren Anruf\" href=\"tel:+4922147887033\">+49 221 478-87033<\/a><br \/><a class=\"fax\">+49 221 478-87010<\/a><br \/><a class=\"email\" title=\"Elke Passmann freut sich \u00fcber Ihre Nachricht\" href=\"mailto: elke.passmann@uk-koeln.de\"> elke.passmann@uk-koeln.de<\/a><\/p>\n<p>[\/et_pb_team_member][\/et_pb_column][\/et_pb_row][et_pb_row admin_label=&#8221;row&#8221; _builder_version=&#8221;4.16&#8243; background_size=&#8221;initial&#8221; background_position=&#8221;top_left&#8221; background_repeat=&#8221;repeat&#8221; global_colors_info=&#8221;{}&#8221;][et_pb_column type=&#8221;4_4&#8243; _builder_version=&#8221;4.16&#8243; custom_padding=&#8221;|||&#8221; global_colors_info=&#8221;{}&#8221; custom_padding__hover=&#8221;|||&#8221;][et_pb_text admin_label=&#8221;Studienassistenten&#8221; _builder_version=&#8221;4.16&#8243; background_size=&#8221;initial&#8221; background_position=&#8221;top_left&#8221; background_repeat=&#8221;repeat&#8221; use_border_color=&#8221;off&#8221; border_color=&#8221;#ffffff&#8221; border_style=&#8221;solid&#8221; global_colors_info=&#8221;{}&#8221;]<\/p>\n<h3>Studienassistenten<\/h3>\n<p>[\/et_pb_text][\/et_pb_column][\/et_pb_row][et_pb_row column_structure=&#8221;1_4,1_4,1_4,1_4&#8243; admin_label=&#8221;row&#8221; _builder_version=&#8221;4.16&#8243; background_size=&#8221;initial&#8221; background_position=&#8221;top_left&#8221; background_repeat=&#8221;repeat&#8221; global_colors_info=&#8221;{}&#8221;][et_pb_column type=&#8221;1_4&#8243; _builder_version=&#8221;4.16&#8243; custom_padding=&#8221;|||&#8221; global_colors_info=&#8221;{}&#8221; custom_padding__hover=&#8221;|||&#8221;][et_pb_team_member name=&#8221;Idil Ahmed&#8221; position=&#8221;Uniklinik K\u00f6ln&#8221; image_url=&#8221;https:\/\/www.lungcancergroup.de\/wp-content\/uploads\/2024\/03\/ahmed_idil_02448q-scaled-e1710433175631.jpg&#8221; admin_label=&#8221;Idil Ahmet&#8221; module_id=&#8221;worker_info&#8221; _builder_version=&#8221;4.24.2&#8243; background_size=&#8221;initial&#8221; background_position=&#8221;top_left&#8221; background_repeat=&#8221;repeat&#8221; use_border_color=&#8221;off&#8221; global_colors_info=&#8221;{}&#8221;]<\/p>\n<p>Lung Cancer Group Cologne<br \/>Medizinische Klinik I<br \/>Kerpener Str. 62 | 50937 K\u00f6ln<\/p>\n<p><a class=\"tel\" title=\"Sarah Knoke freut sich \u00fcber Ihren Anruf\" href=\"tel:+4922147838405\">+49 221 478-38405<\/a><br \/><a class=\"fax\">+49 221 478-87010<\/a><br \/><a href=\"mailto:idil.ahmed1@uk-koeln.de\">idil.ahmed1@uk-koeln.de<\/a><\/p>\n<p>[\/et_pb_team_member][\/et_pb_column][et_pb_column type=&#8221;1_4&#8243; _builder_version=&#8221;4.16&#8243; custom_padding=&#8221;|||&#8221; global_colors_info=&#8221;{}&#8221; custom_padding__hover=&#8221;|||&#8221;][et_pb_team_member name=&#8221;Lea Kuhnke&#8221; position=&#8221;Uniklinik K\u00f6ln&#8221; image_url=&#8221;https:\/\/www.lungcancergroup.de\/wp-content\/uploads\/2018\/09\/Foto-folgt.jpg&#8221; admin_label=&#8221;Dina Bank&#8221; module_id=&#8221;worker_info&#8221; _builder_version=&#8221;4.23.1&#8243; background_size=&#8221;initial&#8221; background_position=&#8221;top_left&#8221; background_repeat=&#8221;repeat&#8221; use_border_color=&#8221;off&#8221; global_colors_info=&#8221;{}&#8221;]<\/p>\n<p>Lung Cancer Group Cologne<br \/>Medizinische Klinik I<br \/>Kerpener Str. 62 | 50937 K\u00f6ln<\/p>\n<p><a class=\"tel\" title=\"Jacqueline Schmitz freut sich \u00fcber Ihren Anruf\" href=\"tel:+4922147898767\">+49 221 478-<span>38399<\/span><\/a><br \/><a class=\"fax\">+49 221 478-3978<\/a><br \/><a class=\"email\" title=\"Jacqueline Schmitz freut sich \u00fcber Ihre Nachricht\" href=\"mailto:dina.bank@uk-koeln.de\"> lea.kuhnke@uk-koeln.de<\/a><\/p>\n<p>[\/et_pb_team_member][\/et_pb_column][et_pb_column type=&#8221;1_4&#8243; _builder_version=&#8221;4.16&#8243; custom_padding=&#8221;|||&#8221; global_colors_info=&#8221;{}&#8221; custom_padding__hover=&#8221;|||&#8221;][et_pb_team_member name=&#8221;Sabine Hahne&#8221; position=&#8221;Uniklinik K\u00f6ln&#8221; image_url=&#8221;https:\/\/www.lungcancergroup.de\/wp-content\/uploads\/2015\/12\/csm_team_hahne_cf55d0d1d2.jpg&#8221; admin_label=&#8221;Sabine Hahne&#8221; module_id=&#8221;worker_info&#8221; _builder_version=&#8221;4.23.1&#8243; background_size=&#8221;initial&#8221; background_position=&#8221;top_left&#8221; background_repeat=&#8221;repeat&#8221; use_border_color=&#8221;off&#8221; global_colors_info=&#8221;{}&#8221;]<\/p>\n<p>Lung Cancer Group Cologne<br \/>Medizinische Klinik I<br \/>Kerpener Str. 62 | 50937 K\u00f6ln<\/p>\n<p><a class=\"tel\" title=\"Laura Wobbe freut sich \u00fcber Ihren Anruf\" href=\"tel:+4922147897620\">+49 221 478-97620<\/a><br \/><a class=\"fax\">+49 221 478-87010<\/a><br \/><a class=\"email\" title=\"Laura Wobbe freut sich \u00fcber Ihre Nachricht\" href=\"mailto:sabine.hahne@uk-koeln.de\"> sabine.hahne@uk-koeln.de<\/a><\/p>\n<p>[\/et_pb_team_member][\/et_pb_column][et_pb_column type=&#8221;1_4&#8243; _builder_version=&#8221;4.16&#8243; custom_padding=&#8221;|||&#8221; global_colors_info=&#8221;{}&#8221; custom_padding__hover=&#8221;|||&#8221;][et_pb_team_member name=&#8221;Sarah Oerder&#8221; position=&#8221;Uniklinik K\u00f6ln&#8221; image_url=&#8221;https:\/\/www.lungcancergroup.de\/wp-content\/uploads\/2024\/07\/oerder_sarah_00523q-scaled-e1720084974751.jpg&#8221; admin_label=&#8221;Idil Ahmet&#8221; module_id=&#8221;worker_info&#8221; _builder_version=&#8221;4.24.3&#8243; background_size=&#8221;initial&#8221; background_position=&#8221;top_left&#8221; background_repeat=&#8221;repeat&#8221; custom_padding=&#8221;||0px|||&#8221; use_border_color=&#8221;off&#8221; global_colors_info=&#8221;{}&#8221;]<\/p>\n<p>Lung Cancer Group Cologne<br \/>Medizinische Klinik I<br \/>Kerpener Str. 62 | 50937 K\u00f6ln<\/p>\n<p><a class=\"tel\" title=\"Sarah Knoke freut sich \u00fcber Ihren Anruf\" href=\"tel:+4922147838405\">+49 221 478-<span>87033<\/span><\/a><br \/><a class=\"fax\">+49 221 478-87010<\/a><br \/><a href=\"mailto:sarah.oerder@uk-koeln.de\">sarah.oerder@uk-koeln.de<\/a><\/p>\n<p>[\/et_pb_team_member][\/et_pb_column][\/et_pb_row][et_pb_row _builder_version=&#8221;4.27.4&#8243; _module_preset=&#8221;default&#8221; column_structure=&#8221;1_4,1_4,1_4,1_4&#8243;][et_pb_column _builder_version=&#8221;4.27.4&#8243; _module_preset=&#8221;default&#8221; type=&#8221;1_4&#8243;][et_pb_team_member name=&#8221;Steffi-Susann Franke&#8221; position=&#8221;Uniklinik K\u00f6ln&#8221; image_url=&#8221;https:\/\/www.lungcancergroup.de\/wp-content\/uploads\/2025\/09\/franke_steffi-susann_03577h-scaled-e1758560948569.jpg&#8221; admin_label=&#8221;Dina Bank&#8221; module_id=&#8221;worker_info&#8221; _builder_version=&#8221;4.27.4&#8243; background_size=&#8221;initial&#8221; background_position=&#8221;top_left&#8221; background_repeat=&#8221;repeat&#8221; hover_enabled=&#8221;0&#8243; use_border_color=&#8221;off&#8221; global_colors_info=&#8221;{}&#8221; locked=&#8221;off&#8221; sticky_enabled=&#8221;0&#8243; title_text=&#8221;Steffi-Susann Franke&#8221;]<\/p>\n<p>Lung Cancer Group Cologne<br \/>Medizinische Klinik I<br \/>Kerpener Str. 62 | 50937 K\u00f6ln<\/p>\n<p><a class=\"tel\" title=\"Jacqueline Schmitz freut sich \u00fcber Ihren Anruf\" href=\"tel:+4922147898767\">+49 221 478-51678<\/a><br \/><a class=\"fax\">+49 221 478-87010<\/a><br \/><a class=\"email\" title=\"Jacqueline Schmitz freut sich \u00fcber Ihre Nachricht\" href=\"mailto:dina.bank@uk-koeln.de\">steffi-susann.franke@uk-koeln.de<\/a><\/p>\n<p>[\/et_pb_team_member][\/et_pb_column][et_pb_column _builder_version=&#8221;4.27.4&#8243; _module_preset=&#8221;default&#8221; type=&#8221;1_4&#8243;][et_pb_team_member name=&#8221;Elke Kube&#8221; position=&#8221;Uniklinik K\u00f6ln&#8221; image_url=&#8221;https:\/\/www.lungcancergroup.de\/wp-content\/uploads\/2018\/09\/Foto-folgt.jpg&#8221; admin_label=&#8221;Idil Ahmet&#8221; module_id=&#8221;worker_info&#8221; _builder_version=&#8221;4.27.4&#8243; background_size=&#8221;initial&#8221; background_position=&#8221;top_left&#8221; background_repeat=&#8221;repeat&#8221; hover_enabled=&#8221;0&#8243; use_border_color=&#8221;off&#8221; global_colors_info=&#8221;{}&#8221; locked=&#8221;off&#8221; title_text=&#8221;Foto folgt&#8221; sticky_enabled=&#8221;0&#8243;]<\/p>\n<p>Lung Cancer Group Cologne<br \/>Medizinische Klinik I<br \/>Kerpener Str. 62 | 50937 K\u00f6ln<\/p>\n<p><a class=\"tel\" title=\"Sarah Knoke freut sich \u00fcber Ihren Anruf\" href=\"tel:+4922147838405\">+49 221 478-51678<\/a><br \/><a class=\"fax\">+49 221 478-87010<\/a><br \/><a href=\"mailto:idil.ahmed1@uk-koeln.de\">elke.kube@uk-koeln.de<\/a><\/p>\n<p>[\/et_pb_team_member][\/et_pb_column][et_pb_column _builder_version=&#8221;4.27.4&#8243; _module_preset=&#8221;default&#8221; type=&#8221;1_4&#8243;][\/et_pb_column][et_pb_column _builder_version=&#8221;4.27.4&#8243; _module_preset=&#8221;default&#8221; type=&#8221;1_4&#8243;][\/et_pb_column][\/et_pb_row][et_pb_row padding_mobile=&#8221;off&#8221; column_padding_mobile=&#8221;on&#8221; admin_label=&#8221;row&#8221; module_id=&#8221;pathologie&#8221; _builder_version=&#8221;4.16&#8243; background_size=&#8221;initial&#8221; background_position=&#8221;top_left&#8221; background_repeat=&#8221;repeat&#8221; make_fullwidth=&#8221;off&#8221; use_custom_width=&#8221;off&#8221; width_unit=&#8221;on&#8221; global_colors_info=&#8221;{}&#8221;][et_pb_column type=&#8221;4_4&#8243; _builder_version=&#8221;4.16&#8243; custom_padding=&#8221;|||&#8221; global_colors_info=&#8221;{}&#8221; custom_padding__hover=&#8221;|||&#8221;][et_pb_divider disabled_on=&#8221;on|on|off&#8221; _builder_version=&#8221;4.16&#8243; height=&#8221;18px&#8221; hide_on_mobile=&#8221;on&#8221; global_colors_info=&#8221;{}&#8221;][\/et_pb_divider][\/et_pb_column][\/et_pb_row][et_pb_row column_structure=&#8221;1_4,1_4,1_4,1_4&#8243; _builder_version=&#8221;4.24.2&#8243; global_colors_info=&#8221;{}&#8221;][et_pb_column type=&#8221;1_4&#8243; _builder_version=&#8221;4.16&#8243; global_colors_info=&#8221;{}&#8221;][et_pb_text admin_label=&#8221;Patienten-Beauftragte&#8221; _builder_version=&#8221;4.27.0&#8243; background_size=&#8221;initial&#8221; background_position=&#8221;top_left&#8221; background_repeat=&#8221;repeat&#8221; use_border_color=&#8221;off&#8221; border_color=&#8221;#ffffff&#8221; border_style=&#8221;solid&#8221; global_colors_info=&#8221;{}&#8221;]<\/p>\n<h3 style=\"text-align: center;\">Patientenkoordination<\/h3>\n<p>[\/et_pb_text][et_pb_team_member name=&#8221;Katja Ruge&#8221; position=&#8221;Uniklinik K\u00f6ln&#8221; image_url=&#8221;https:\/\/www.lungcancergroup.de\/wp-content\/uploads\/2015\/12\/csm_team_ruge_30cc65e059.jpg&#8221; admin_label=&#8221;Katja Ruge&#8221; module_id=&#8221;worker_info&#8221; _builder_version=&#8221;4.27.0&#8243; background_size=&#8221;initial&#8221; background_position=&#8221;top_left&#8221; background_repeat=&#8221;repeat&#8221; use_border_color=&#8221;off&#8221; global_colors_info=&#8221;{}&#8221;]<\/p>\n<p>Klinik\u00a0I f\u00fcr Innere Medizin<br \/>CIO Geb\u00e4ude 70<br \/>Ebene 5, Raum 5.030<br \/>Kerpener Str. 62<br \/>50937 K\u00f6ln<\/p>\n<p><a class=\"tel\" title=\"Katja Ruge freut sich \u00fcber Ihren Anruf\" href=\"tel:+4922147889050\">+49 221 478-89050<\/a><br \/><a class=\"fax\">+49 221 478-89051<\/a><br \/><a class=\"email\" title=\"Katja Ruge freut sich \u00fcber Ihre Nachricht\" href=\"mailto: katja.ruge@uk-koeln.de\"> katja.ruge@uk-koeln.de<\/a><\/p>\n<p>[\/et_pb_team_member][\/et_pb_column][et_pb_column type=&#8221;1_4&#8243; _builder_version=&#8221;4.24.2&#8243; _module_preset=&#8221;default&#8221; global_colors_info=&#8221;{}&#8221;][et_pb_text admin_label=&#8221;Patienten-Beauftragte&#8221; _builder_version=&#8221;4.27.0&#8243; background_size=&#8221;initial&#8221; background_position=&#8221;top_left&#8221; background_repeat=&#8221;repeat&#8221; use_border_color=&#8221;off&#8221; border_color=&#8221;#ffffff&#8221; border_style=&#8221;solid&#8221; global_colors_info=&#8221;{}&#8221;]<\/p>\n<h3 style=\"text-align: center;\"><span>Sekretariat <\/br>Prof. Dr. med. J\u00fcrgen Wolf<\/span><\/h3>\n<p>[\/et_pb_text][et_pb_team_member name=&#8221;Jessica Klemm M.A.&#8221; position=&#8221;Uniklinik K\u00f6ln&#8221; image_url=&#8221;https:\/\/www.lungcancergroup.de\/wp-content\/uploads\/2024\/03\/klemm_jessica_00424h-scaled-e1710774098277.jpg&#8221; admin_label=&#8221;Katja Ruge&#8221; module_id=&#8221;worker_info&#8221; _builder_version=&#8221;4.24.3&#8243; background_size=&#8221;initial&#8221; background_position=&#8221;top_left&#8221; background_repeat=&#8221;repeat&#8221; custom_margin=&#8221;-20px||||false|false&#8221; use_border_color=&#8221;off&#8221; global_colors_info=&#8221;{}&#8221;]<\/p>\n<p>Klinik\u00a0I f\u00fcr Innere Medizin<br \/>CIO Geb\u00e4ude 70<br \/>Ebene 5, Raum 5.030<br \/>Kerpener Str. 62<br \/>50937 K\u00f6ln<\/p>\n<p><a class=\"tel\" title=\"Katja Ruge freut sich \u00fcber Ihren Anruf\" href=\"tel:+4922147889050\">+49 221 478-97975<\/a><br \/><a class=\"fax\">+49 221 478-89051<\/a><br \/><a href=\"mailto:jessica.klemm@uk-koeln.de\" target=\"_blank\" rel=\"noopener noreferrer\">jessica.klemm@uk-koeln.de<\/a><\/p>\n<p>[\/et_pb_team_member][\/et_pb_column][et_pb_column type=&#8221;1_4&#8243; _builder_version=&#8221;4.16&#8243; global_colors_info=&#8221;{}&#8221;][et_pb_text disabled_on=&#8221;off|off|off&#8221; admin_label=&#8221;Qualit\u00e4tsmanagement \/ Controlling&#8221; _builder_version=&#8221;4.22.2&#8243; text_letter_spacing=&#8221;0&#8243; text_line_height=&#8221;1.7&#8243; header_font_size=&#8221;30&#8243; header_letter_spacing=&#8221;0&#8243; header_line_height=&#8221;1&#8243; background_size=&#8221;initial&#8221; background_position=&#8221;top_left&#8221; background_repeat=&#8221;repeat&#8221; text_letter_spacing_tablet=&#8221;0&#8243; text_letter_spacing_phone=&#8221;0&#8243; text_line_height_tablet=&#8221;1.7&#8243; text_line_height_phone=&#8221;1.7&#8243; header_font_size_tablet=&#8221;30&#8243; header_font_size_phone=&#8221;30&#8243; header_letter_spacing_tablet=&#8221;0&#8243; header_letter_spacing_phone=&#8221;0&#8243; header_line_height_tablet=&#8221;1&#8243; header_line_height_phone=&#8221;1&#8243; use_border_color=&#8221;off&#8221; border_color=&#8221;#ffffff&#8221; border_width=&#8221;1&#8243; border_style=&#8221;solid&#8221; global_colors_info=&#8221;{}&#8221;]<\/p>\n<h3 style=\"text-align: center;\">QMB \/ Controlling<\/h3>\n<p>[\/et_pb_text][et_pb_team_member name=&#8221;Dipl.-Ges.-\u00d6k Meike Limburg&#8221; position=&#8221;Uniklinik K\u00f6ln&#8221; image_url=&#8221;https:\/\/www.lungcancergroup.de\/wp-content\/uploads\/2024\/03\/limburg_meike_02442h-scaled-e1710433428210.jpg&#8221; disabled_on=&#8221;off|off|off&#8221; admin_label=&#8221;Dipl.-Ges.-\u00d6k Meike Limburg&#8221; module_id=&#8221;worker_info&#8221; _builder_version=&#8221;4.24.2&#8243; background_size=&#8221;initial&#8221; background_position=&#8221;top_left&#8221; background_repeat=&#8221;repeat&#8221; use_border_color=&#8221;off&#8221; global_colors_info=&#8221;{}&#8221;]<\/p>\n<p>Lung Cancer Group Cologne<br \/>Klinik I f\u00fcr Innere Medizin<br \/>Kerpener Str. 62 | 50937 K\u00f6ln<\/p>\n<p><a class=\"tel\" title=\"Dipl.-Ges.-\u00d6k Meike Limburg freut sich \u00fcber Ihren Anruf\" href=\"tel:+4922147851671\">+49 221 478-51671<\/a><br \/><a class=\"fax\">+49 221 478-3978<\/a><br \/><a class=\"email\" title=\"Dipl.-Ges.-\u00d6k Meike Limburg freut sich \u00fcber Ihre Nachricht\" href=\"mailto: meike.limburg@uk-koeln.de\"> meike.limburg@uk-koeln.de<\/a><\/p>\n<p>[\/et_pb_team_member][\/et_pb_column][et_pb_column type=&#8221;1_4&#8243; _builder_version=&#8221;4.16&#8243; global_colors_info=&#8221;{}&#8221;][et_pb_text disabled_on=&#8221;off|off|off&#8221; admin_label=&#8221;Projektmanagement IIT&#8221; _builder_version=&#8221;4.22.2&#8243; text_letter_spacing=&#8221;0&#8243; text_line_height=&#8221;1.7&#8243; header_font_size=&#8221;30&#8243; header_letter_spacing=&#8221;0&#8243; header_line_height=&#8221;1&#8243; background_size=&#8221;initial&#8221; background_position=&#8221;top_left&#8221; background_repeat=&#8221;repeat&#8221; text_letter_spacing_tablet=&#8221;0&#8243; text_letter_spacing_phone=&#8221;0&#8243; text_line_height_tablet=&#8221;1.7&#8243; text_line_height_phone=&#8221;1.7&#8243; header_font_size_tablet=&#8221;30&#8243; header_font_size_phone=&#8221;30&#8243; header_letter_spacing_tablet=&#8221;0&#8243; header_letter_spacing_phone=&#8221;0&#8243; header_line_height_tablet=&#8221;1&#8243; header_line_height_phone=&#8221;1&#8243; use_border_color=&#8221;off&#8221; border_color=&#8221;#ffffff&#8221; border_width=&#8221;1&#8243; border_style=&#8221;solid&#8221; global_colors_info=&#8221;{}&#8221;]<\/p>\n<h3 style=\"text-align: center;\">Projektmanagement IIT<\/h3>\n<p>[\/et_pb_text][et_pb_team_member name=&#8221;Inken Terjung&#8221; position=&#8221;Uniklinik K\u00f6ln&#8221; image_url=&#8221;https:\/\/www.lungcancergroup.de\/wp-content\/uploads\/2021\/05\/terjung_inken_00664p-1.jpg&#8221; disabled_on=&#8221;off|off|off&#8221; admin_label=&#8221;Inken Terjung&#8221; module_id=&#8221;worker_info&#8221; _builder_version=&#8221;4.23.1&#8243; background_size=&#8221;initial&#8221; background_position=&#8221;top_left&#8221; background_repeat=&#8221;repeat&#8221; use_border_color=&#8221;off&#8221; global_colors_info=&#8221;{}&#8221;]<\/p>\n<p>Lung Cancer Group Cologne<br \/>Klinik I f\u00fcr Innere Medizin<br \/>Kerpener Str. 62 | 50937 K\u00f6ln<\/p>\n<p><a class=\"tel\" title=\"Inken Terjung freut sich \u00fcber Ihren Anruf\" href=\"tel:+4922147898766\">+49 221 478-98766<\/a><br \/><a class=\"fax\">+49 221 478-3978<\/a><br \/><a class=\"email\" title=\"Inken Terjung freut sich \u00fcber Ihre Nachricht\" href=\"mailto: inken.terjung@uk-koeln.de\">inken.terjung@uk-koeln.de<\/a><\/p>\n<p>[\/et_pb_team_member][\/et_pb_column][\/et_pb_row][et_pb_row padding_mobile=&#8221;off&#8221; column_padding_mobile=&#8221;on&#8221; admin_label=&#8221;row&#8221; module_id=&#8221;pathologie&#8221; _builder_version=&#8221;4.16&#8243; background_size=&#8221;initial&#8221; background_position=&#8221;top_left&#8221; background_repeat=&#8221;repeat&#8221; make_fullwidth=&#8221;off&#8221; use_custom_width=&#8221;off&#8221; width_unit=&#8221;on&#8221; global_colors_info=&#8221;{}&#8221;][et_pb_column type=&#8221;4_4&#8243; _builder_version=&#8221;4.16&#8243; custom_padding=&#8221;|||&#8221; global_colors_info=&#8221;{}&#8221; custom_padding__hover=&#8221;|||&#8221;][et_pb_divider disabled_on=&#8221;on|on|off&#8221; _builder_version=&#8221;4.16&#8243; height=&#8221;18px&#8221; hide_on_mobile=&#8221;on&#8221; global_colors_info=&#8221;{}&#8221;][\/et_pb_divider][\/et_pb_column][\/et_pb_row][et_pb_row admin_label=&#8221;row&#8221; _builder_version=&#8221;4.16&#8243; background_size=&#8221;initial&#8221; background_position=&#8221;top_left&#8221; background_repeat=&#8221;repeat&#8221; global_colors_info=&#8221;{}&#8221;][et_pb_column type=&#8221;4_4&#8243; _builder_version=&#8221;4.16&#8243; custom_padding=&#8221;|||&#8221; global_colors_info=&#8221;{}&#8221; custom_padding__hover=&#8221;|||&#8221;][et_pb_text _builder_version=&#8221;4.16&#8243; background_size=&#8221;initial&#8221; background_position=&#8221;top_left&#8221; background_repeat=&#8221;repeat&#8221; use_border_color=&#8221;off&#8221; border_color=&#8221;#ffffff&#8221; border_style=&#8221;solid&#8221; global_colors_info=&#8221;{}&#8221;]<\/p>\n<h3>Pathologie<\/h3>\n<p>[\/et_pb_text][\/et_pb_column][\/et_pb_row][et_pb_row column_structure=&#8221;1_4,1_4,1_4,1_4&#8243; admin_label=&#8221;row&#8221; _builder_version=&#8221;4.16&#8243; background_size=&#8221;initial&#8221; background_position=&#8221;top_left&#8221; background_repeat=&#8221;repeat&#8221; global_colors_info=&#8221;{}&#8221;][et_pb_column type=&#8221;1_4&#8243; _builder_version=&#8221;4.16&#8243; custom_padding=&#8221;|||&#8221; global_colors_info=&#8221;{}&#8221; custom_padding__hover=&#8221;|||&#8221;][et_pb_text _builder_version=&#8221;4.23.1&#8243; background_size=&#8221;initial&#8221; background_position=&#8221;top_left&#8221; background_repeat=&#8221;repeat&#8221; use_border_color=&#8221;off&#8221; border_color=&#8221;#ffffff&#8221; border_style=&#8221;solid&#8221; global_colors_info=&#8221;{}&#8221;]<\/p>\n<h4 style=\"text-align: center;\">Arzt<\/h4>\n<p>[\/et_pb_text][et_pb_team_member name=&#8221;Dr. med. Andreas Calaminus&#8221; position=&#8221;Uniklinik K\u00f6ln \/ Ansprechpartner der Pathologie&#8221; admin_label=&#8221;Dr. med. Andreas Calaminus&#8221; _builder_version=&#8221;4.22.2&#8243; background_size=&#8221;initial&#8221; background_position=&#8221;top_left&#8221; background_repeat=&#8221;repeat&#8221; use_border_color=&#8221;off&#8221; global_colors_info=&#8221;{}&#8221;]<\/p>\n<p>Institut f\u00fcr Pathologie<br \/>Kerpener Str. 62 |\u00a050937 K\u00f6ln<\/p>\n<p><a class=\"tel\" title=\"Andreas Scheel freut sich \u00fcber Ihren Anruf\" href=\"tel:+492214783651\">+49 221 478-3651<\/a><br \/><a class=\"fax\">+49 221 478-1430024<\/a><br \/><a class=\"email\" title=\"Andreas Scheel freut sich \u00fcber Ihre Nachricht\" href=\"mailto: andreas.calaminus@uk-koeln.de\"> andreas.calaminus@uk-koeln.de<\/a><\/p>\n<p>[\/et_pb_team_member][\/et_pb_column][et_pb_column type=&#8221;1_4&#8243; _builder_version=&#8221;4.16&#8243; custom_padding=&#8221;|||&#8221; global_colors_info=&#8221;{}&#8221; custom_padding__hover=&#8221;|||&#8221;][et_pb_text admin_label=&#8221;Wissenschaftliche Leitung&#8221; _builder_version=&#8221;4.23.1&#8243; background_size=&#8221;initial&#8221; background_position=&#8221;top_left&#8221; background_repeat=&#8221;repeat&#8221; use_border_color=&#8221;off&#8221; border_color=&#8221;#ffffff&#8221; border_style=&#8221;solid&#8221; global_colors_info=&#8221;{}&#8221;]<\/p>\n<h4 style=\"text-align: center;\">Wissenschaftliche Leitung<\/h4>\n<p>[\/et_pb_text][et_pb_team_member name=&#8221;Prof. Dr. rer. nat. Sabine Merkelbach-Bruse&#8221; position=&#8221;Uniklinik K\u00f6ln \/ Leitung Molekularpathologische Diagnostik&#8221; admin_label=&#8221;Prof. Dr. rer. nat. Sabine Merkelbach-Bruse&#8221; _builder_version=&#8221;4.22.2&#8243; background_size=&#8221;initial&#8221; background_position=&#8221;top_left&#8221; background_repeat=&#8221;repeat&#8221; use_border_color=&#8221;off&#8221; global_colors_info=&#8221;{}&#8221;]<\/p>\n<p>Institut f\u00fcr Pathologie<br \/>Kerpener Str. 62 |\u00a050937 K\u00f6ln<\/p>\n<p><a class=\"tel\" title=\"Sabine Merkelbach-Bruse freut sich \u00fcber Ihren Anruf\" href=\"tel:+492214786369\">+49 221 478-6369<\/a><br \/><a class=\"email\" title=\"Sabine Merkelbach-Bruse freut sich \u00fcber Ihre Nachricht\" href=\"mailto: sabine.merkelbach-bruse@uk-koeln.de\"> sabine.merkelbach-bruse@uk-koeln.de<\/a><\/p>\n<p>[\/et_pb_team_member][\/et_pb_column][et_pb_column type=&#8221;1_4&#8243; _builder_version=&#8221;4.16&#8243; custom_padding=&#8221;|||&#8221; global_colors_info=&#8221;{}&#8221; custom_padding__hover=&#8221;|||&#8221;][et_pb_text admin_label=&#8221;Naturwissenschaftlerin&#8221; _builder_version=&#8221;4.23.1&#8243; background_size=&#8221;initial&#8221; background_position=&#8221;top_left&#8221; background_repeat=&#8221;repeat&#8221; use_border_color=&#8221;off&#8221; border_color=&#8221;#ffffff&#8221; border_style=&#8221;solid&#8221; global_colors_info=&#8221;{}&#8221;]<\/p>\n<h4 style=\"text-align: center;\">Naturwissenschaftlerin<\/h4>\n<p>[\/et_pb_text][et_pb_team_member name=&#8221;Dr. rer. nat. Jana Fassunke&#8221; position=&#8221;Uniklinik K\u00f6ln&#8221; admin_label=&#8221;Dr. rer. nat. Jana Fassunke&#8221; _builder_version=&#8221;4.22.2&#8243; background_size=&#8221;initial&#8221; background_position=&#8221;top_left&#8221; background_repeat=&#8221;repeat&#8221; use_border_color=&#8221;off&#8221; global_colors_info=&#8221;{}&#8221;]<\/p>\n<p>Institut f\u00fcr Pathologie<br \/>Kerpener Str. 62 |\u00a050937 K\u00f6ln<\/p>\n<p><a class=\"tel\" title=\"Jana Fassunke freut sich \u00fcber Ihren Anruf\" href=\"tel:+492214786369\">+49 221 478-6369<\/a><br \/><a class=\"email\" title=\"Jana Fassunke freut sich \u00fcber Ihre Nachricht\" href=\"mailto: jana.fassunke@uk-koeln.de\"> jana.fassunke@uk-koeln.de<\/a><\/p>\n<p>[\/et_pb_team_member][\/et_pb_column][et_pb_column type=&#8221;1_4&#8243; _builder_version=&#8221;4.16&#8243; custom_padding=&#8221;|||&#8221; global_colors_info=&#8221;{}&#8221; custom_padding__hover=&#8221;|||&#8221;][et_pb_text admin_label=&#8221;\u00c4rztliche Leitung&#8221; _builder_version=&#8221;4.23.1&#8243; background_size=&#8221;initial&#8221; background_position=&#8221;top_left&#8221; background_repeat=&#8221;repeat&#8221; use_border_color=&#8221;off&#8221; border_color=&#8221;#ffffff&#8221; border_style=&#8221;solid&#8221; global_colors_info=&#8221;{}&#8221;]<\/p>\n<h4 style=\"text-align: center;\">\u00c4rztliche Leitung<\/h4>\n<p>[\/et_pb_text][et_pb_team_member name=&#8221;Priv.-Doz. Dr. Dr. Udo Siebolts&#8221; position=&#8221;Uniklinik K\u00f6ln&#8221; admin_label=&#8221;Priv.-Doz. Dr. Dr. Udo Siebolts&#8221; _builder_version=&#8221;4.22.2&#8243; background_size=&#8221;initial&#8221; background_position=&#8221;top_left&#8221; background_repeat=&#8221;repeat&#8221; use_border_color=&#8221;off&#8221; global_colors_info=&#8221;{}&#8221;]<\/p>\n<p>Institut f\u00fcr Pathologie<br \/>Kerpener Str. 62 |\u00a050937 K\u00f6ln<\/p>\n<div class=\"row\">\n<div class=\"col-xs-12 col-s-3\">+49 221 478-6368<\/div>\n<\/div>\n<div class=\"row\">\n<div class=\"col-xs-12 col-s-9\"><a title=\"E-Mail schreiben\">udo.siebolts@uk-koeln.de<\/a><\/div>\n<\/div>\n<p>&nbsp;<\/p>\n<p>[\/et_pb_team_member][\/et_pb_column][\/et_pb_row][et_pb_row padding_mobile=&#8221;off&#8221; column_padding_mobile=&#8221;on&#8221; admin_label=&#8221;row&#8221; module_id=&#8221;studentische-hilfskraefte&#8221; _builder_version=&#8221;4.16&#8243; background_size=&#8221;initial&#8221; background_position=&#8221;top_left&#8221; background_repeat=&#8221;repeat&#8221; make_fullwidth=&#8221;off&#8221; use_custom_width=&#8221;off&#8221; width_unit=&#8221;on&#8221; global_colors_info=&#8221;{}&#8221;][et_pb_column type=&#8221;4_4&#8243; _builder_version=&#8221;4.16&#8243; custom_padding=&#8221;|||&#8221; global_colors_info=&#8221;{}&#8221; custom_padding__hover=&#8221;|||&#8221;][et_pb_divider disabled_on=&#8221;on|on|off&#8221; _builder_version=&#8221;4.16&#8243; height=&#8221;18px&#8221; hide_on_mobile=&#8221;on&#8221; global_colors_info=&#8221;{}&#8221;][\/et_pb_divider][\/et_pb_column][\/et_pb_row][et_pb_row admin_label=&#8221;row&#8221; _builder_version=&#8221;4.16&#8243; background_size=&#8221;initial&#8221; background_position=&#8221;top_left&#8221; background_repeat=&#8221;repeat&#8221; global_colors_info=&#8221;{}&#8221;][et_pb_column type=&#8221;4_4&#8243; _builder_version=&#8221;4.16&#8243; custom_padding=&#8221;|||&#8221; global_colors_info=&#8221;{}&#8221; custom_padding__hover=&#8221;|||&#8221;][et_pb_text disabled_on=&#8221;on|on|on&#8221; admin_label=&#8221;Studentische Hilfskr\u00e4fte&#8221; _builder_version=&#8221;4.16&#8243; background_size=&#8221;initial&#8221; background_position=&#8221;top_left&#8221; background_repeat=&#8221;repeat&#8221; use_border_color=&#8221;off&#8221; border_color=&#8221;#ffffff&#8221; border_style=&#8221;solid&#8221; disabled=&#8221;on&#8221; global_colors_info=&#8221;{}&#8221;]<\/p>\n<h3>Studentische Hilfskr\u00e4fte<\/h3>\n<p>[\/et_pb_text][\/et_pb_column][\/et_pb_row][et_pb_row padding_mobile=&#8221;off&#8221; column_padding_mobile=&#8221;on&#8221; _builder_version=&#8221;4.16&#8243; background_size=&#8221;initial&#8221; background_position=&#8221;top_left&#8221; background_repeat=&#8221;repeat&#8221; make_fullwidth=&#8221;off&#8221; use_custom_width=&#8221;off&#8221; width_unit=&#8221;on&#8221; global_colors_info=&#8221;{}&#8221;][et_pb_column type=&#8221;4_4&#8243; _builder_version=&#8221;4.16&#8243; custom_padding=&#8221;|||&#8221; global_colors_info=&#8221;{}&#8221; custom_padding__hover=&#8221;|||&#8221;][et_pb_text admin_label=&#8221;Letzte \u00c4nderung&#8221; module_class=&#8221;content-update&#8221; _builder_version=&#8221;4.23.1&#8243; background_size=&#8221;initial&#8221; background_position=&#8221;top_left&#8221; background_repeat=&#8221;repeat&#8221; use_border_color=&#8221;off&#8221; border_color=&#8221;#ffffff&#8221; border_style=&#8221;solid&#8221; global_module=&#8221;1187&#8243; saved_tabs=&#8221;all&#8221; global_colors_info=&#8221;{}&#8221;]<\/p>\n<p style=\"text-align: right;\"><em>Letzte \u00c4nderung: 19.01.2024<br \/><\/em><\/p>\n<p>[\/et_pb_text][\/et_pb_column][\/et_pb_row][\/et_pb_section]<\/p>\n","protected":false},"excerpt":{"rendered":"<p>Wer wir sind Ziele Die Lung Cancer Group Cologne (LCGC) wurde 2005 im Centrum f\u00fcr Integrierte Onkologie (CIO) am Universit\u00e4tsklinikum K\u00f6ln gegr\u00fcndet. In der LCGC arbeiten \u00c4rzte und Wissenschaftler mit ihren Teams zusammen an der Verbesserung der Therapie von Lungenkrebs. Wir sind davon \u00fcberzeugt, dass zur Erreichung dieses Ziels das Verst\u00e4ndnis der biologischen Grundlagen von [&hellip;]<\/p>\n","protected":false},"author":19,"featured_media":0,"parent":0,"menu_order":0,"comment_status":"closed","ping_status":"closed","template":"","meta":{"_et_pb_use_builder":"on","_et_pb_old_content":"","_et_gb_content_width":"","footnotes":""},"class_list":["post-461","page","type-page","status-publish","hentry"],"yoast_head":"<!-- This site is optimized with the Yoast SEO plugin v24.7 - https:\/\/yoast.com\/wordpress\/plugins\/seo\/ -->\n<title>Wer wir sind - Lung Cancer Group Cologne<\/title>\n<meta name=\"robots\" content=\"index, follow, max-snippet:-1, max-image-preview:large, max-video-preview:-1\" \/>\n<link rel=\"canonical\" href=\"https:\/\/www.lungcancergroup.de\/en\/wer-wir-sind\/\" \/>\n<meta property=\"og:locale\" content=\"en_US\" \/>\n<meta property=\"og:type\" content=\"article\" \/>\n<meta property=\"og:title\" content=\"Wer wir sind - Lung Cancer Group Cologne\" \/>\n<meta property=\"og:description\" content=\"Wer wir sind Ziele Die Lung Cancer Group Cologne (LCGC) wurde 2005 im Centrum f\u00fcr Integrierte Onkologie (CIO) am Universit\u00e4tsklinikum K\u00f6ln gegr\u00fcndet. In der LCGC arbeiten \u00c4rzte und Wissenschaftler mit ihren Teams zusammen an der Verbesserung der Therapie von Lungenkrebs. Wir sind davon \u00fcberzeugt, dass zur Erreichung dieses Ziels das Verst\u00e4ndnis der biologischen Grundlagen von [&hellip;]\" \/>\n<meta property=\"og:url\" content=\"https:\/\/www.lungcancergroup.de\/en\/wer-wir-sind\/\" \/>\n<meta property=\"og:site_name\" content=\"Lung Cancer Group Cologne\" \/>\n<meta property=\"article:modified_time\" content=\"2025-09-22T17:10:11+00:00\" \/>\n<meta name=\"twitter:card\" content=\"summary_large_image\" \/>\n<meta name=\"twitter:label1\" content=\"Est. reading time\" \/>\n\t<meta name=\"twitter:data1\" content=\"11 minutes\" \/>\n<script type=\"application\/ld+json\" class=\"yoast-schema-graph\">{\"@context\":\"https:\/\/schema.org\",\"@graph\":[{\"@type\":\"WebPage\",\"@id\":\"https:\/\/www.lungcancergroup.de\/en\/wer-wir-sind\/\",\"url\":\"https:\/\/www.lungcancergroup.de\/en\/wer-wir-sind\/\",\"name\":\"Wer wir sind - Lung Cancer Group Cologne\",\"isPartOf\":{\"@id\":\"https:\/\/www.lungcancergroup.de\/en\/#website\"},\"datePublished\":\"2015-12-08T09:10:54+00:00\",\"dateModified\":\"2025-09-22T17:10:11+00:00\",\"breadcrumb\":{\"@id\":\"https:\/\/www.lungcancergroup.de\/en\/wer-wir-sind\/#breadcrumb\"},\"inLanguage\":\"en-US\",\"potentialAction\":[{\"@type\":\"ReadAction\",\"target\":[\"https:\/\/www.lungcancergroup.de\/en\/wer-wir-sind\/\"]}]},{\"@type\":\"BreadcrumbList\",\"@id\":\"https:\/\/www.lungcancergroup.de\/en\/wer-wir-sind\/#breadcrumb\",\"itemListElement\":[{\"@type\":\"ListItem\",\"position\":1,\"name\":\"Startseite\",\"item\":\"https:\/\/www.lungcancergroup.de\/en\/\"},{\"@type\":\"ListItem\",\"position\":2,\"name\":\"Wer wir sind\"}]},{\"@type\":\"WebSite\",\"@id\":\"https:\/\/www.lungcancergroup.de\/en\/#website\",\"url\":\"https:\/\/www.lungcancergroup.de\/en\/\",\"name\":\"Lung Cancer Group Cologne\",\"description\":\"Lungenkrebs Studiengruppe K\u00f6ln\",\"potentialAction\":[{\"@type\":\"SearchAction\",\"target\":{\"@type\":\"EntryPoint\",\"urlTemplate\":\"https:\/\/www.lungcancergroup.de\/en\/?s={search_term_string}\"},\"query-input\":{\"@type\":\"PropertyValueSpecification\",\"valueRequired\":true,\"valueName\":\"search_term_string\"}}],\"inLanguage\":\"en-US\"}]}<\/script>\n<!-- \/ Yoast SEO plugin. -->","yoast_head_json":{"title":"Wer wir sind - Lung Cancer Group Cologne","robots":{"index":"index","follow":"follow","max-snippet":"max-snippet:-1","max-image-preview":"max-image-preview:large","max-video-preview":"max-video-preview:-1"},"canonical":"https:\/\/www.lungcancergroup.de\/en\/wer-wir-sind\/","og_locale":"en_US","og_type":"article","og_title":"Wer wir sind - Lung Cancer Group Cologne","og_description":"Wer wir sind Ziele Die Lung Cancer Group Cologne (LCGC) wurde 2005 im Centrum f\u00fcr Integrierte Onkologie (CIO) am Universit\u00e4tsklinikum K\u00f6ln gegr\u00fcndet. In der LCGC arbeiten \u00c4rzte und Wissenschaftler mit ihren Teams zusammen an der Verbesserung der Therapie von Lungenkrebs. Wir sind davon \u00fcberzeugt, dass zur Erreichung dieses Ziels das Verst\u00e4ndnis der biologischen Grundlagen von [&hellip;]","og_url":"https:\/\/www.lungcancergroup.de\/en\/wer-wir-sind\/","og_site_name":"Lung Cancer Group Cologne","article_modified_time":"2025-09-22T17:10:11+00:00","twitter_card":"summary_large_image","twitter_misc":{"Est. reading time":"11 minutes"},"schema":{"@context":"https:\/\/schema.org","@graph":[{"@type":"WebPage","@id":"https:\/\/www.lungcancergroup.de\/en\/wer-wir-sind\/","url":"https:\/\/www.lungcancergroup.de\/en\/wer-wir-sind\/","name":"Wer wir sind - Lung Cancer Group Cologne","isPartOf":{"@id":"https:\/\/www.lungcancergroup.de\/en\/#website"},"datePublished":"2015-12-08T09:10:54+00:00","dateModified":"2025-09-22T17:10:11+00:00","breadcrumb":{"@id":"https:\/\/www.lungcancergroup.de\/en\/wer-wir-sind\/#breadcrumb"},"inLanguage":"en-US","potentialAction":[{"@type":"ReadAction","target":["https:\/\/www.lungcancergroup.de\/en\/wer-wir-sind\/"]}]},{"@type":"BreadcrumbList","@id":"https:\/\/www.lungcancergroup.de\/en\/wer-wir-sind\/#breadcrumb","itemListElement":[{"@type":"ListItem","position":1,"name":"Startseite","item":"https:\/\/www.lungcancergroup.de\/en\/"},{"@type":"ListItem","position":2,"name":"Wer wir sind"}]},{"@type":"WebSite","@id":"https:\/\/www.lungcancergroup.de\/en\/#website","url":"https:\/\/www.lungcancergroup.de\/en\/","name":"Lung Cancer Group Cologne","description":"Lungenkrebs Studiengruppe K\u00f6ln","potentialAction":[{"@type":"SearchAction","target":{"@type":"EntryPoint","urlTemplate":"https:\/\/www.lungcancergroup.de\/en\/?s={search_term_string}"},"query-input":{"@type":"PropertyValueSpecification","valueRequired":true,"valueName":"search_term_string"}}],"inLanguage":"en-US"}]}},"_links":{"self":[{"href":"https:\/\/www.lungcancergroup.de\/en\/wp-json\/wp\/v2\/pages\/461","targetHints":{"allow":["GET"]}}],"collection":[{"href":"https:\/\/www.lungcancergroup.de\/en\/wp-json\/wp\/v2\/pages"}],"about":[{"href":"https:\/\/www.lungcancergroup.de\/en\/wp-json\/wp\/v2\/types\/page"}],"author":[{"embeddable":true,"href":"https:\/\/www.lungcancergroup.de\/en\/wp-json\/wp\/v2\/users\/19"}],"replies":[{"embeddable":true,"href":"https:\/\/www.lungcancergroup.de\/en\/wp-json\/wp\/v2\/comments?post=461"}],"version-history":[{"count":10,"href":"https:\/\/www.lungcancergroup.de\/en\/wp-json\/wp\/v2\/pages\/461\/revisions"}],"predecessor-version":[{"id":4589,"href":"https:\/\/www.lungcancergroup.de\/en\/wp-json\/wp\/v2\/pages\/461\/revisions\/4589"}],"wp:attachment":[{"href":"https:\/\/www.lungcancergroup.de\/en\/wp-json\/wp\/v2\/media?parent=461"}],"curies":[{"name":"wp","href":"https:\/\/api.w.org\/{rel}","templated":true}]}}